{"id":73015,"date":"2022-10-05T13:44:54","date_gmt":"2022-10-05T11:44:54","guid":{"rendered":"https:\/\/3d-edu.ch\/raise3d\/imprimante-3d-raise3d\/serie-pro3\/"},"modified":"2026-04-20T12:02:33","modified_gmt":"2026-04-20T10:02:33","slug":"serie-pro3","status":"publish","type":"page","link":"https:\/\/3d-edu.ch\/fr\/raise3d\/imprimante-3d-raise3d\/serie-pro3\/","title":{"rendered":"S\u00e9rie Pro3"},"content":{"rendered":"\n\n\t<section class=\"section dark\" id=\"section_808919771\">\n\t\t<div class=\"section-bg fill\" >\n\t\t\t<img loading=\"lazy\" decoding=\"async\" width=\"1080\" height=\"358\" src=\"https:\/\/3d-edu.ch\/wp-content\/uploads\/2022\/10\/Raise3D-Pro3-Series.webp\" class=\"bg attachment-original size-original\" alt=\"Raise3D Pro3 Series\" \/>\t\t\t\t<div class=\"video-overlay no-click fill visible\"><\/div>\n\t<video class=\"video-bg fill visible\" preload playsinline autoplay muted loop>\n\t\t<source src=\"https:\/\/s1.raise3d.com\/2022\/06\/PRO3-banner_1-2.mp4\" type=\"video\/mp4\"><source src=\"https:\/\/s1.raise3d.com\/2022\/06\/PRO3-banner_1-2.ogv\" type=\"video\/ogg\"><source src=\"https:\/\/s1.raise3d.com\/2022\/06\/PRO3-banner_1-2.webm\" type=\"video\/webm\">\t<\/video>\n\t\t\t\n\t\t\t\n\n\t\t<\/div>\n\n\t\t\n\n\t\t<div class=\"section-content relative\">\n\t\t\t\n\n<div class=\"row\"  id=\"row-751179791\">\n\n\n\t<div id=\"col-990160085\" class=\"col medium-6 small-12 large-6\"  >\n\t\t\t\t<div class=\"col-inner\"  >\n\t\t\t\n\t\t\t\n\n<h2>S\u00e9rie Raise3D Pro3<\/h2>\n<h3>Prototypage et production faciles - fiables, rapides et flexibles<\/h3>\n<p>Les nouvelles imprimantes 3D professionnelles de Raise3D sont les Raise3D Pro3 et Pro3 Plus. Elles sont bas\u00e9es sur la s\u00e9rie Pro2, mais ont \u00e9t\u00e9 consid\u00e9rablement am\u00e9lior\u00e9es et d\u00e9velopp\u00e9es. Les Raise3D Pro3-Series r\u00e9pondent aux exigences de la production ainsi que du prototypage rapide pour diff\u00e9rentes tailles de pi\u00e8ces. Elles se distinguent par leur haute pr\u00e9cision et leur fonctionnement stable 24 heures sur 24. La s\u00e9rie Raise3D Pro3 se compose de la Raise3D Pro 3 avec un volume de construction de 300x300x300mm et de la Pro 3 Plus avec un volume de construction de 300x300x605mm. Ces volumes d&rsquo;impression permettent d&rsquo;imprimer de nombreux petits composants ainsi que des composants individuels de grande taille. La structure de la machine a \u00e9t\u00e9 renforc\u00e9e et dot\u00e9e de capteurs et de fonctions suppl\u00e9mentaires ainsi que d&rsquo;un syst\u00e8me d&rsquo;assistance intelligent appel\u00e9 EVE. La grande facilit\u00e9 d&rsquo;utilisation et la double extrudeuse facilement rempla\u00e7able font de la s\u00e9rie Raise3D Pro3 une imprimante 3D FFF professionnelle.       <\/p>\n<p>Les imprimantes 3D FFF de la s\u00e9rie Pro3 peuvent \u00eatre int\u00e9gr\u00e9es de mani\u00e8re transparente dans l&rsquo;environnement logiciel d&rsquo;impression 3D de Raise3D. Celui-ci comprend un programme de slicing 3D (ideaMaker), un logiciel de gestion d&rsquo;imprimantes 3D bas\u00e9 sur le cloud (RaiseCloud) et une collection de profils d&rsquo;impression en ligne appel\u00e9e ideaMaker Library. <\/p>\n<a href=\"https:\/\/3d-edu.ch\/fr\/?attachment_id=45234#main\" class=\"button primary is-outline\" >\n\t\t<span>Commander Pro 3 en ligne<\/span>\n\t<\/a>\n\n\n<a href=\"https:\/\/3d-edu.ch\/?post_type=product&#038;p=45231\" class=\"button primary is-outline\" >\n\t\t<span>Commander Pro 3 Plus en ligne<\/span>\n\t<\/a>\n\n\n<a href=\"https:\/\/3d-edu.ch\/fr\/demander-un-devis-pour-limprimante-3d-raise3d\/\" class=\"button primary\" >\n\t\t<span>Demander un devis<\/span>\n\t<\/a>\n\n\n\n\t\t<\/div>\n\t\t\t\t\t<\/div>\n\n\t\n\n<\/div>\n\n\t\t<\/div>\n\n\t\t\n<style>\n#section_808919771 {\n  padding-top: 60px;\n  padding-bottom: 60px;\n  min-height: 910px;\n  background-color: rgb(0,0,0);\n}\n<\/style>\n\t<\/section>\n\t\n\n\t<section class=\"section\" id=\"section_1896374807\">\n\t\t<div class=\"section-bg fill\" >\n\t\t\t\t\t\t\t\t\t\n\t\t\t\n\n\t\t<\/div>\n\n\t\t\n\n\t\t<div class=\"section-content relative\">\n\t\t\t\n\n<div class=\"row align-middle\"  id=\"row-2146815176\">\n\n\n\t<div id=\"col-859037546\" class=\"col medium-8 small-12 large-8\"  >\n\t\t\t\t<div class=\"col-inner\"  >\n\t\t\t\n\t\t\t\n\n<h2>Sp\u00e9cifications techniques<\/h2>\n<h3>Sp\u00e9cifications techniques de l&rsquo;imprimante 3D Raise3D Pro 3 Series<\/h3>\n\n\t\t<\/div>\n\t\t\t\t\t<\/div>\n\n\t\n\n\t<div id=\"col-1997608265\" class=\"col medium-4 small-12 large-4\"  >\n\t\t\t\t<div class=\"col-inner\"  >\n\t\t\t\n\t\t\t\n\n<a href=\"\/wp-content\/uploads\/2022\/10\/Raise3D-Pro3-Series-Technical-Specifications-COM1.pdf\" class=\"button primary is-outline\" >\n\t\t<span>T\u00e9l\u00e9charger la fiche technique<\/span>\n\t<\/a>\n\n\n\n\t\t<\/div>\n\t\t\t\t\t<\/div>\n\n\t\n\n<\/div>\n<div class=\"row\"  id=\"row-582261901\">\n\n\n\t<div id=\"col-1169357478\" class=\"col small-12 large-12\"  >\n\t\t\t\t<div class=\"col-inner\"  >\n\t\t\t\n\t\t\t\n\n<div class=\"accordion\">\n\n\t<div id=\"accordion-627649728\" class=\"accordion-item\">\n\t\t<a id=\"accordion-627649728-label\" class=\"accordion-title plain\" href=\"#accordion-item-voir-les-sp\u00e9cifications\" aria-expanded=\"false\" aria-controls=\"accordion-627649728-content\">\n\t\t\t<button class=\"toggle\" aria-label=\"Basculer\"><i class=\"icon-angle-down\" aria-hidden=\"true\"><\/i><\/button>\n\t\t\t<span>Voir les sp\u00e9cifications<\/span>\n\t\t<\/a>\n\t\t<div id=\"accordion-627649728-content\" class=\"accordion-inner\" aria-labelledby=\"accordion-627649728-label\">\n\t\t\t\n\n<div>\n<table id=\"comparison\" width=\"100%\" cellspacing=\"0\" cellpadding=\"0\">\n<tbody>\n<tr>\n<th width=\"33%\">Imprimante 3D<\/th>\n<th width=\"33%\"><strong>Pro 3<\/strong><\/th>\n<th width=\"33%\"><strong>Pro 3 Plus<\/strong><\/th>\n<\/tr>\n<tr>\n<td width=\"33%\"><strong>Technologie<\/strong><\/td>\n<td width=\"33%\">FFF<\/td>\n<td width=\"33%\"><\/td>\n<\/tr>\n<tr>\n<td width=\"33%\"><strong>Volume de fabrication (L x P x H)<\/strong><\/td>\n<td width=\"33%\">Extrudeuse simple : 300 \u00d7 300 \u00d7 300 mm<br \/>Extrudeuse double : 255 \u00d7 300 \u00d7 300 mm<\/td>\n<td width=\"33%\">Extrudeuse simple : 300 \u00d7 300 \u00d7 605 mm<br \/>Extrudeuse double : 255 \u00d7 300 \u00d7 v mm<\/td>\n<\/tr>\n<tr>\n<td width=\"33%\"><strong>T\u00eate d&rsquo;impression<\/strong><\/td>\n<td width=\"33%\">Double extrudeuse avec syst\u00e8me de levage \u00e9lectronique<\/td>\n<td width=\"33%\"><\/td>\n<\/tr>\n<tr>\n<td width=\"33%\"><strong>Diam\u00e8tre du filament<\/strong><\/td>\n<td width=\"33%\">1,75 mm<\/td>\n<td width=\"33%\"><\/td>\n<\/tr>\n<tr>\n<td width=\"33%\"><strong>Taille du pas X, Y, Z<\/strong><\/td>\n<td width=\"33%\">0.78125, 0.78125, 0.078125 \u03bcm<\/td>\n<td width=\"33%\"><\/td>\n<\/tr>\n<tr>\n<td width=\"33%\"><strong>Vitesse de la t\u00eate d&rsquo;impression<\/strong><\/td>\n<td width=\"33%\">30-150 mm\/s<\/td>\n<td width=\"33%\"><\/td>\n<\/tr>\n<tr>\n<td width=\"33%\"><strong>Plate-forme de construction<\/strong><\/td>\n<td width=\"33%\">Plaque d&rsquo;acier flexible avec film Buildtak<\/td>\n<td width=\"33%\"><\/td>\n<\/tr>\n<tr>\n<td width=\"33%\"><strong>Temp\u00e9rature maximale des panneaux de construction<\/strong><\/td>\n<td width=\"33%\">120\u00b0C<\/td>\n<td width=\"33%\"><\/td>\n<\/tr>\n<tr>\n<td width=\"33%\"><strong>Mat\u00e9riau du lit chauffant<\/strong><\/td>\n<td width=\"33%\">Silicone<\/td>\n<td width=\"33%\"><\/td>\n<\/tr>\n<tr>\n<td width=\"33%\"><strong>Nivellement des panneaux de construction<\/strong><\/td>\n<td width=\"33%\">Nivellement maill\u00e9 avec d\u00e9tection de la plan\u00e9it\u00e9<\/td>\n<td width=\"33%\"><\/td>\n<\/tr>\n<tr>\n<td width=\"33%\"><strong>Capteur de marche \u00e0 filament<\/strong><\/td>\n<td width=\"33%\">Disponible<\/td>\n<td width=\"33%\"><\/td>\n<\/tr>\n<tr>\n<td width=\"33%\"><strong>Mat\u00e9riaux pris en charge<\/strong><\/td>\n<td width=\"33%\">PLA\/ ABS\/ HIPS\/ PC\/ TPU\/ TPE\/ PETG\/ ASA\/ PP\/ PVA\/ Nylon\/<br \/>Infus\u00e9 de fibres de verre\/ Infus\u00e9 de fibres de carbone\/ Remplissage m\u00e9tal\/ Remplissage bois<\/td>\n<td width=\"33%\"><\/td>\n<\/tr>\n<tr>\n<td width=\"33%\"><strong>\u00c9paisseurs de couche<\/strong><\/td>\n<td width=\"33%\">0.01-0.25 mm<\/td>\n<td width=\"33%\"><\/td>\n<\/tr>\n<tr>\n<td width=\"33%\"><strong>Diam\u00e8tre de la buse<\/strong><\/td>\n<td width=\"33%\">0,4 mm (standard), 0,2\/ 0,6\/ 0,8\/ 1,0 mm (disponible)<\/td>\n<td width=\"33%\"><\/td>\n<\/tr>\n<tr>\n<td width=\"33%\"><strong>Temp\u00e9rature maximale de la buse<\/strong><\/td>\n<td width=\"33%\">300\u00b0C<\/td>\n<td width=\"33%\"><\/td>\n<\/tr>\n<tr>\n<td width=\"33%\"><strong>Options de connexion<\/strong><\/td>\n<td width=\"33%\">Wi-Fi, LAN, c\u00e2ble USB<\/td>\n<td width=\"33%\"><\/td>\n<\/tr>\n<tr>\n<td width=\"33%\"><strong>\u00c9mission de bruit (acoustique)<\/strong><\/td>\n<td width=\"33%\">\uff1c55 dB(A)<\/td>\n<td width=\"33%\"><\/td>\n<\/tr>\n<tr>\n<td width=\"33%\"><strong>Temp\u00e9rature ambiante de fonctionnement<\/strong><\/td>\n<td width=\"33%\">15-30\u00baC, 10-90% RH sans condensation<\/td>\n<td width=\"33%\"><\/td>\n<\/tr>\n<tr>\n<td width=\"33%\"><strong>Filtre<\/strong><\/td>\n<td width=\"33%\">Filtre HEPA avec charbon actif<\/td>\n<td width=\"33%\"><\/td>\n<\/tr>\n<tr>\n<td width=\"33%\"><strong>Assistant intelligent EVE<\/strong><\/td>\n<td width=\"33%\">Disponible<\/td>\n<td width=\"33%\"><\/td>\n<\/tr>\n<tr>\n<td width=\"33%\"><strong>Poids net<\/strong><\/td>\n<td width=\"33%\">49 kg<\/td>\n<td width=\"33%\">61.6 kg<\/td>\n<\/tr>\n<tr>\n<td width=\"33%\"><strong>Poids brut (carton uniquement)<\/strong><\/td>\n<td width=\"33%\">67 kg<\/td>\n<td width=\"33%\">80 kg<\/td>\n<\/tr>\n<tr>\n<td width=\"33%\"><strong>Poids brut (carton avec palette)<\/strong><\/td>\n<td width=\"33%\">75 kg<\/td>\n<td width=\"33%\">88 kg<\/td>\n<\/tr>\n<\/tbody>\n<\/table>\n<table id=\"comparison\" width=\"100%\" cellspacing=\"0\" cellpadding=\"0\">\n<h3>\u00c9lectricit\u00e9<\/h3>\n<tbody>\n<tr>\n<td width=\"33%\"><strong>Alimentation \u00e9lectrique<\/strong><\/td>\n<td width=\"33%\">100-240 V AC, 50\/ 60 Hz 230 V @ 3.3 A<\/td>\n<td width=\"33%\"><\/td>\n<\/tr>\n<\/tbody>\n<\/table>\n<h3>Logiciel<\/h3>\n<table id=\"comparison\" width=\"100%\" cellspacing=\"0\" cellpadding=\"0\">\n<tbody>\n<tr>\n<td width=\"33%\"><strong>Logiciel de tranchage<\/strong><\/td>\n<td width=\"33%\">ideaMaker<\/td>\n<td width=\"33%\"><\/td>\n<\/tr>\n<tr>\n<td width=\"33%\"><strong>Types de fichiers pris en charge<\/strong><\/td>\n<td width=\"33%\">STL\/ OBJ\/ 3MF\/ OLTP<\/td>\n<td width=\"33%\"><\/td>\n<\/tr>\n<tr>\n<td width=\"33%\"><strong>Syst\u00e8mes d&rsquo;exploitation support\u00e9s<\/strong><\/td>\n<td width=\"33%\">WINDOWS\/ macOS\/ Linux<\/td>\n<td width=\"33%\"><\/td>\n<\/tr>\n<tr>\n<td width=\"33%\"><strong>Type de code machine<\/strong><\/td>\n<td width=\"33%\">Code G<\/td>\n<td width=\"33%\"><\/td>\n<\/tr>\n<\/tbody>\n<\/table>\n<h3>Contr\u00f4le de l&rsquo;imprimante<\/h3>\n<table id=\"comparison\" width=\"100%\" cellspacing=\"0\" cellpadding=\"0\">\n<tbody>\n<tr>\n<td width=\"33%\"><strong>Interface utilisateur<\/strong><\/td>\n<td width=\"33%\">\u00c9cran tactile de 7 pouces<\/td>\n<td width=\"33%\"><\/td>\n<\/tr>\n<tr>\n<td width=\"33%\"><strong>Restauration en cas de panne de courant<\/strong><\/td>\n<td width=\"33%\">Disponible<\/td>\n<td width=\"33%\"><\/td>\n<\/tr>\n<tr>\n<td width=\"33%\"><strong>Contr\u00f4leur de mouvement<\/strong><\/td>\n<td width=\"33%\">FPU Atmel ARM Cortex-M4 120 MHz<\/td>\n<td width=\"33%\"><\/td>\n<\/tr>\n<tr>\n<td width=\"33%\"><strong>Contr\u00f4leur logique<\/strong><\/td>\n<td width=\"33%\">NXP ARM Cortex-A9 Quad 1 GHz<\/td>\n<td width=\"33%\"><\/td>\n<\/tr>\n<tr>\n<td width=\"33%\"><strong>M\u00e9moire<\/strong><\/td>\n<td width=\"33%\">1 Go + 16 Go de m\u00e9moire flash embarqu\u00e9e<\/td>\n<td width=\"33%\"><\/td>\n<\/tr>\n<tr>\n<td width=\"33%\"><strong>Syst\u00e8me d&rsquo;exploitation<\/strong><\/td>\n<td width=\"33%\">Linux embarqu\u00e9<\/td>\n<td width=\"33%\"><\/td>\n<\/tr>\n<\/tbody>\n<\/table>\n<\/div>\n\n\t\t<\/div>\n\t<\/div>\n\t\n\n<\/div>\n\n\t\t<\/div>\n\t\t\t\t\t<\/div>\n\n\t\n\n<\/div>\n\n\t\t<\/div>\n\n\t\t\n<style>\n#section_1896374807 {\n  padding-top: 30px;\n  padding-bottom: 30px;\n  background-color: rgb(240, 240, 240);\n}\n<\/style>\n\t<\/section>\n\t\n\n\t<section class=\"section\" id=\"section_1463616423\">\n\t\t<div class=\"section-bg fill\" >\n\t\t\t<img loading=\"lazy\" decoding=\"async\" width=\"1920\" height=\"590\" src=\"https:\/\/3d-edu.ch\/wp-content\/uploads\/2022\/10\/Raise3D-Pro-3-Series-Dual-Extruder.webp\" class=\"bg attachment-original size-original\" alt=\"\" \/>\t\t\t\t\t\t\n\t\t\t\n\n\t\t<\/div>\n\n\t\t\n\n\t\t<div class=\"section-content relative\">\n\t\t\t\n\n<div class=\"row\"  id=\"row-2134674924\">\n\n\n\t<div id=\"col-586568134\" class=\"col medium-6 small-12 large-6\"  >\n\t\t\t\t<div class=\"col-inner\"  >\n\t\t\t\n\t\t\t\n\n<h2>Fonctions am\u00e9lior\u00e9es et \u00e9tendues<\/h2>\n<p>La s\u00e9rie Raise3D Pro3 a \u00e9t\u00e9 consid\u00e9rablement am\u00e9lior\u00e9e et dot\u00e9e de nouvelles fonctionnalit\u00e9s. Ainsi, les Raise3D Pro 3 et Pro 3 Plus offrent des performances d&rsquo;impression encore meilleures et une meilleure exp\u00e9rience globale. <\/p>\n<ul>\n<li>La mise \u00e0 niveau automatique des plaques de construction rend la mise en place des imprimantes 3D plus rapide et plus facile, et am\u00e9liore la fiabilit\u00e9 et la qualit\u00e9 d&rsquo;impression.<\/li>\n<li>Le plateau de construction flexible permet de d\u00e9tacher facilement les pi\u00e8ces imprim\u00e9es en 3D de la plateforme de construction.<\/li>\n<li>Les axes Z ont \u00e9t\u00e9 rigidifi\u00e9s de 75% afin d&rsquo;obtenir un fonctionnement plus silencieux et de meilleurs r\u00e9sultats d&rsquo;impression.<\/li>\n<\/ul>\n<p>Ces am\u00e9liorations mat\u00e9rielles et ces innovations techniques permettent \u00e0 la s\u00e9rie Pro3 d&rsquo;offrir une meilleure qualit\u00e9 d&rsquo;impression et une plus grande facilit\u00e9 d&rsquo;utilisation.<\/p>\n\n\t\t<\/div>\n\t\t\t\t\t<\/div>\n\n\t\n\n<\/div>\n\n\t\t<\/div>\n\n\t\t\n<style>\n#section_1463616423 {\n  padding-top: 60px;\n  padding-bottom: 60px;\n  min-height: 500px;\n  background-color: rgb(245, 245, 245);\n}\n<\/style>\n\t<\/section>\n\t\n\n\t<section class=\"section dark\" id=\"section_573805427\">\n\t\t<div class=\"section-bg fill\" >\n\t\t\t<img loading=\"lazy\" decoding=\"async\" width=\"1920\" height=\"590\" src=\"https:\/\/3d-edu.ch\/wp-content\/uploads\/2022\/10\/Raise3D-Pro3-Series-Dual-Extruder.webp\" class=\"bg attachment-original size-original\" alt=\"Raise3D Pro3 Series Dual-Extruder\" \/>\t\t\t\t\t\t\n\t\t\t\n\n\t\t<\/div>\n\n\t\t\n\n\t\t<div class=\"section-content relative\">\n\t\t\t\n\n<div class=\"row\"  id=\"row-1546475787\">\n\n\n\t<div id=\"col-119718556\" class=\"col medium-6 small-12 large-6\"  >\n\t\t\t\t<div class=\"col-inner\"  >\n\t\t\t\n\t\t\t\n\n\n\t\t<\/div>\n\t\t\t\t\t<\/div>\n\n\t\n\n\t<div id=\"col-938705525\" class=\"col medium-6 small-12 large-6\"  >\n\t\t\t\t<div class=\"col-inner\"  >\n\t\t\t\n\t\t\t\n\n<h2>Couvertures interchangeables &amp; Hot Ends<\/h2>\n<p>La s\u00e9rie Raise3D Pro 3 est \u00e9quip\u00e9e d&rsquo;un syst\u00e8me d&rsquo;extrusion modulaire double. La possibilit\u00e9 de changer rapidement et facilement les hot-ends permet \u00e0 la s\u00e9rie Pro 3 d&rsquo;imprimer avec une grande vari\u00e9t\u00e9 de filaments. En effet, l&rsquo;option de traiter certains mat\u00e9riaux avec des hot-ends s\u00e9par\u00e9s augmente la fiabilit\u00e9 et r\u00e9duit les obstructions \u00e9ventuelles.  <\/p>\n<p>Les utilisateurs peuvent facilement retirer les capots avant des extrudeuses. Les hot-ends de la s\u00e9rie Pro 3 se retirent facilement et sans outils, ce qui facilite leur remplacement et leur entretien. <\/p>\n\n\t\t<\/div>\n\t\t\t\t\t<\/div>\n\n\t\n\n<\/div>\n\n\t\t<\/div>\n\n\t\t\n<style>\n#section_573805427 {\n  padding-top: 60px;\n  padding-bottom: 60px;\n  min-height: 500px;\n  background-color: rgb(245, 245, 245);\n}\n<\/style>\n\t<\/section>\n\t\n\n\t<section class=\"section\" id=\"section_1232191065\">\n\t\t<div class=\"section-bg fill\" >\n\t\t\t<img loading=\"lazy\" decoding=\"async\" width=\"1920\" height=\"590\" src=\"https:\/\/3d-edu.ch\/wp-content\/uploads\/2022\/10\/Raise3D-Pro3-Series-Air-Flow-Manager.webp\" class=\"bg attachment-original size-original\" alt=\"\" \/>\t\t\t\t\t\t\n\t\t\t\n\n\t\t<\/div>\n\n\t\t\n\n\t\t<div class=\"section-content relative\">\n\t\t\t\n\n<div class=\"row\"  id=\"row-843124667\">\n\n\n\t<div id=\"col-111252708\" class=\"col medium-6 small-12 large-6\"  >\n\t\t\t\t<div class=\"col-inner\"  >\n\t\t\t\n\t\t\t\n\n<h2>Am\u00e9lioration de la circulation de l&rsquo;air et de la distribution de la chaleur gr\u00e2ce \u00e0 l&rsquo;Air Flow Manager<\/h2>\n<p>La s\u00e9rie Raise3D Pro3 dispose d&rsquo;un gestionnaire de flux d&rsquo;air situ\u00e9 \u00e0 l&rsquo;arri\u00e8re de l&rsquo;imprimante. Celui-ci am\u00e9liore la distribution de la chaleur et la circulation de l&rsquo;air, cr\u00e9ant ainsi un environnement stable dans la chambre d&rsquo;impression. Le gestionnaire de flux d&rsquo;air est \u00e9galement \u00e9quip\u00e9 d&rsquo;un filtre \u00e0 air HEPA et purifie l&rsquo;air dans la chambre.  <\/p>\n\n\t\t<\/div>\n\t\t\t\t\t<\/div>\n\n\t\n\n<\/div>\n\n\t\t<\/div>\n\n\t\t\n<style>\n#section_1232191065 {\n  padding-top: 60px;\n  padding-bottom: 60px;\n  min-height: 500px;\n  background-color: rgb(245, 245, 245);\n}\n<\/style>\n\t<\/section>\n\t\n\n\t<section class=\"section dark\" id=\"section_1841897659\">\n\t\t<div class=\"section-bg fill\" >\n\t\t\t<img loading=\"lazy\" decoding=\"async\" width=\"1920\" height=\"590\" src=\"https:\/\/3d-edu.ch\/wp-content\/uploads\/2022\/10\/Raise3D-Pro-3-Series-EVE.webp\" class=\"bg attachment-original size-original\" alt=\"Raise3D Pro 3 Series EVE\" \/>\t\t\t\t\t\t\n\t\t\t\n\n\t\t<\/div>\n\n\t\t\n\n\t\t<div class=\"section-content relative\">\n\t\t\t\n\n<div class=\"row\"  id=\"row-1498060298\">\n\n\n\t<div id=\"col-1597070711\" class=\"col medium-6 small-12 large-6\"  >\n\t\t\t\t<div class=\"col-inner\"  >\n\t\t\t\n\t\t\t\n\n\n\t\t<\/div>\n\t\t\t\t\t<\/div>\n\n\t\n\n\t<div id=\"col-1426693696\" class=\"col medium-6 small-12 large-6\"  >\n\t\t\t\t<div class=\"col-inner\"  >\n\t\t\t\n\t\t\t\n\n<h2>Syst\u00e8me d&rsquo;assistance intelligent pour l&rsquo;entretien et la maintenance<\/h2>\n<p>La s\u00e9rie Raise3D Pro3 dispose d&rsquo;un syst\u00e8me d&rsquo;assistance EVE int\u00e9gr\u00e9. Il contient les probl\u00e8mes d&rsquo;impression les plus courants et les solutions correspondantes. L&rsquo;assistant EVE peut aider les utilisateurs \u00e0 localiser avec pr\u00e9cision et \u00e0 r\u00e9soudre les probl\u00e8mes qui pourraient avoir un impact sur le travail d&rsquo;impression. De plus, l&rsquo;assistant EVE de Raise3D dispose d&rsquo;une fonction qui rappelle \u00e0 l&rsquo;utilisateur les op\u00e9rations de maintenance r\u00e9guli\u00e8res. Cela permet de s&rsquo;assurer que les imprimantes sont entretenues \u00e0 temps. Il permet \u00e9galement de r\u00e9duire le temps de maintenance et de rendre le processus de maintenance simple et efficace.     <\/p>\n\n\t\t<\/div>\n\t\t\t\t\t<\/div>\n\n\t\n\n<\/div>\n\n\t\t<\/div>\n\n\t\t\n<style>\n#section_1841897659 {\n  padding-top: 60px;\n  padding-bottom: 60px;\n  min-height: 500px;\n  background-color: rgb(245, 245, 245);\n}\n<\/style>\n\t<\/section>\n\t\n\n\t<section class=\"section\" id=\"section_188464770\">\n\t\t<div class=\"section-bg fill\" >\n\t\t\t<img loading=\"lazy\" decoding=\"async\" width=\"1920\" height=\"585\" src=\"https:\/\/3d-edu.ch\/wp-content\/uploads\/2022\/10\/Raise3D-Pro-3-Series-Dual-Extruder-3D-Drucker.webp\" class=\"bg attachment- size-\" alt=\"Raise3D Pro 3 Series Dual-Extruder 3D-Drucker\" \/>\t\t\t\t\t\t\n\t\t\t\n\n\t\t<\/div>\n\n\t\t\n\n\t\t<div class=\"section-content relative\">\n\t\t\t\n\n<div class=\"row\"  id=\"row-713119939\">\n\n\n\t<div id=\"col-828058736\" class=\"col medium-6 small-12 large-6\"  >\n\t\t\t\t<div class=\"col-inner\"  >\n\t\t\t\n\t\t\t\n\n<h2>Imprimantes 3D professionnelles avec double extrudeur<\/h2>\n<p>Une imprimante 3D \u00e0 double extrudeuse (deux extrudeuses) peut par exemple produire des mod\u00e8les avec deux couleurs et\/ou deux mat\u00e9riaux. Une imprimante 3D professionnelle \u00e0 double extrudeur dispose de caract\u00e9ristiques de conception suppl\u00e9mentaires qui permettent d&rsquo;obtenir une meilleure qualit\u00e9 d&rsquo;impression. <\/p>\n<p>Par exemple, les doubles extrudeuses de la s\u00e9rie Raise3D Pro 3 utilisent une technologie de levage de buse ind\u00e9pendante avec une commutation de buse rapide. Les buses peuvent donc \u00eatre lev\u00e9es ind\u00e9pendamment et commut\u00e9es en une seconde, sans \u00eatre affect\u00e9es par le mat\u00e9riau d&rsquo;impression 3D ou la temp\u00e9rature. <\/p>\n\n\t\t<\/div>\n\t\t\t\t\t<\/div>\n\n\t\n\n<\/div>\n\n\t\t<\/div>\n\n\t\t\n<style>\n#section_188464770 {\n  padding-top: 60px;\n  padding-bottom: 60px;\n  min-height: 400px;\n  background-color: rgb(245, 245, 245);\n}\n<\/style>\n\t<\/section>\n\t\n\n\t<section class=\"section dark\" id=\"section_1239353479\">\n\t\t<div class=\"section-bg fill\" >\n\t\t\t<img loading=\"lazy\" decoding=\"async\" width=\"1140\" height=\"560\" src=\"https:\/\/3d-edu.ch\/wp-content\/uploads\/2022\/10\/Raise3D-Pro3-Plus-Tech-Specs.webp\" class=\"bg attachment-original size-original\" alt=\"Raise3D Pro3 &amp; Pro 3 Plus Tech-Specs\" \/>\t\t\t\t\t\t<div class=\"section-bg-overlay absolute fill\"><\/div>\n\t\t\t\n\n\t\t<\/div>\n\n\t\t\n\n\t\t<div class=\"section-content relative\">\n\t\t\t\n\n<div class=\"row\"  id=\"row-1760901923\">\n\n\n\t<div id=\"col-13390920\" class=\"col medium-4 small-12 large-4\"  >\n\t\t\t\t<div class=\"col-inner\"  >\n\t\t\t\n\t\t\t\n\n\n\t\t<div class=\"icon-box featured-box icon-box-left text-left\"  >\n\t\t\t\t\t<div class=\"icon-box-img\" style=\"width: 60px\">\n\t\t\t\t<div class=\"icon\">\n\t\t\t\t\t<div class=\"icon-inner\" style=\"color:rgb(255, 255, 255);\">\n\t\t\t\t\t\t<?xml version=\"1.0\" encoding=\"UTF-8\" standalone=\"no\"?>\n<svg\n   id=\"\u56fe\u5c42_1\"\n   data-name=\"\u56fe\u5c42 1\"\n   viewBox=\"0 0 59.893883 58.915794\"\n   version=\"1.1\"\n   sodipodi:docname=\"a737f5322f802ef6d797a6fc8843c3ed.svg\"\n   width=\"59.893883\"\n   height=\"58.915794\"\n   xmlns:inkscape=\"http:\/\/www.inkscape.org\/namespaces\/inkscape\"\n   xmlns:sodipodi=\"http:\/\/sodipodi.sourceforge.net\/DTD\/sodipodi-0.dtd\"\n   xmlns=\"http:\/\/www.w3.org\/2000\/svg\"\n   xmlns:svg=\"http:\/\/www.w3.org\/2000\/svg\">\n  <sodipodi:namedview\n     id=\"namedview17\"\n     pagecolor=\"#ffffff\"\n     bordercolor=\"#666666\"\n     borderopacity=\"1.0\"\n     inkscape:pageshadow=\"2\"\n     inkscape:pageopacity=\"0.0\"\n     inkscape:pagecheckerboard=\"0\" \/>\n  <defs\n     id=\"defs4\">\n    <style\n       id=\"style2\">.cls-1{fill:#fff;}<\/style>\n  <\/defs>\n  <path\n     class=\"cls-1\"\n     d=\"m 34.14,58.117898 0.08,-19.47 a 0.79,0.79 0 0 0 -0.79,-0.79 v 0 l -11,-0.13 a 0.8,0.8 0 0 1 -0.65,-1.27 L 45.73,0.34789785 a 0.8,0.8 0 0 1 1.46,0.45 L 47.11,20.207898 a 0.79,0.79 0 0 0 0.78,0.8 v 0 l 11.21,0.07 a 0.79,0.79 0 0 1 0.66,1.23 l -24.16,36.26 a 0.8,0.8 0 0 1 -1.46,-0.45 z m -2.19,-25.84 7,0.08 a 0.8,0.8 0 0 1 0.79,0.8 v 7.82 a 0.4,0.4 0 0 0 0.41,0.39 0.37,0.37 0 0 0 0.32,-0.17 l 9.33,-14 a 0.4,0.4 0 0 0 -0.11,-0.55 0.36,0.36 0 0 0 -0.22,-0.07 h -7.18 a 0.81,0.81 0 0 1 -0.79,-0.8 v -7.71 a 0.39,0.39 0 0 0 -0.72,-0.23 l -9.13,13.82 a 0.4,0.4 0 0 0 0.11,0.55 0.44,0.44 0 0 0 0.19,0.07 z\"\n     id=\"path6\" \/>\n  <path\n     class=\"cls-1\"\n     d=\"M 14.56,10.597898 H 27 a 2.39,2.39 0 0 1 2.38,2.38 v 0 a 2.39,2.39 0 0 1 -2.38,2.38 H 14.56 a 2.39,2.39 0 0 1 -2.38,-2.38 v 0 a 2.39,2.39 0 0 1 2.38,-2.38 z\"\n     id=\"path8\" \/>\n  <path\n     class=\"cls-1\"\n     d=\"m 2.38,32.297898 h 12.44 a 2.39,2.39 0 0 1 2.38,2.38 v 0 a 2.39,2.39 0 0 1 -2.38,2.38 H 2.38 a 2.39,2.39 0 0 1 -2.38,-2.38 v 0 a 2.39,2.39 0 0 1 2.38,-2.38 z\"\n     id=\"path10\" \/>\n  <path\n     class=\"cls-1\"\n     d=\"M 9.26,43.147898 H 25.8 a 2.39,2.39 0 0 1 2.38,2.38 v 0 a 2.39,2.39 0 0 1 -2.38,2.38 H 9.26 a 2.39,2.39 0 0 1 -2.38,-2.38 v 0 a 2.39,2.39 0 0 1 2.38,-2.38 z\"\n     id=\"path12\" \/>\n  <path\n     class=\"cls-1\"\n     d=\"M 5.24,21.457898 H 21.1 a 2.39,2.39 0 0 1 2.38,2.38 v 0 a 2.39,2.39 0 0 1 -2.38,2.38 H 5.24 a 2.39,2.39 0 0 1 -2.38,-2.38 v 0 a 2.39,2.39 0 0 1 2.38,-2.38 z\"\n     id=\"path14\" \/>\n<\/svg>\n\t\t\t\t\t<\/div>\n\t\t\t\t<\/div>\n\t\t\t<\/div>\n\t\t\t\t<div class=\"icon-box-text last-reset\">\n\t\t\t\t\t\t\t\t\t\n\n<h3>Haute vitesse<\/h3>\n<p>&lt; 1 seconde Temps de commutation<\/p>\n\n\t\t<\/div>\n\t<\/div>\n\t\n\t\n\n\t\t<\/div>\n\t\t\t\t\t<\/div>\n\n\t\n\n\t<div id=\"col-930392182\" class=\"col medium-4 small-12 large-4\"  >\n\t\t\t\t<div class=\"col-inner\"  >\n\t\t\t\n\t\t\t\n\n\n\t\t<div class=\"icon-box featured-box icon-box-left text-left\"  >\n\t\t\t\t\t<div class=\"icon-box-img\" style=\"width: 44px\">\n\t\t\t\t<div class=\"icon\">\n\t\t\t\t\t<div class=\"icon-inner\" style=\"color:rgb(255, 255, 255);\">\n\t\t\t\t\t\t<?xml version=\"1.0\" encoding=\"UTF-8\" standalone=\"no\"?>\n<svg\n   id=\"\u56fe\u5c42_1\"\n   data-name=\"\u56fe\u5c42 1\"\n   viewBox=\"0 0 45 59.953976\"\n   version=\"1.1\"\n   sodipodi:docname=\"18385b2878cde5e86bc1d2cc479621c4.svg\"\n   width=\"45\"\n   height=\"59.953976\"\n   xmlns:inkscape=\"http:\/\/www.inkscape.org\/namespaces\/inkscape\"\n   xmlns:sodipodi=\"http:\/\/sodipodi.sourceforge.net\/DTD\/sodipodi-0.dtd\"\n   xmlns=\"http:\/\/www.w3.org\/2000\/svg\"\n   xmlns:svg=\"http:\/\/www.w3.org\/2000\/svg\">\n  <sodipodi:namedview\n     id=\"namedview9\"\n     pagecolor=\"#ffffff\"\n     bordercolor=\"#666666\"\n     borderopacity=\"1.0\"\n     inkscape:pageshadow=\"2\"\n     inkscape:pageopacity=\"0.0\"\n     inkscape:pagecheckerboard=\"0\" \/>\n  <defs\n     id=\"defs4\">\n    <style\n       id=\"style2\">.cls-1{fill:#fff;}<\/style>\n  <\/defs>\n  <path\n     class=\"cls-1\"\n     d=\"m 26.63,41.403975 a 0.76,0.76 0 0 1 -0.11,0.14 l -2.75,2.75 a 1,1 0 0 1 -1.07,0.22 1,1 0 0 1 -0.35,-0.23 l -2.81,-2.81 c 0,0 0,-0.05 -0.06,-0.07 l -9.4,-9.4 a 1,1 0 0 1 0,-1.4 l 2.75,-2.75 a 1,1 0 0 1 1.4,0 l 8.76,8.76 22,-22 v -1 a 1,1 0 0 0 -0.49,-0.85 l -10.75,-6.3500004 -10.76,-6.28 a 1,1 0 0 0 -1,0 l -10.76,6.28 -10.74,6.2900004 a 1,1 0 0 0 -0.49,0.85 v 20.83 0.57 0 c 0.25,13.48 9.9,24.39 22,25 v 0 h 1 v 0 c 12.07,-0.58 21.73,-11.49 22,-25 v 0 -11.92 z\"\n     id=\"path6\" \/>\n<\/svg>\n\t\t\t\t\t<\/div>\n\t\t\t\t<\/div>\n\t\t\t<\/div>\n\t\t\t\t<div class=\"icon-box-text last-reset\">\n\t\t\t\t\t\t\t\t\t\n\n<h3>Haute r\u00e9p\u00e9tabilit\u00e9<\/h3>\n<p>&lt;0,005 mm \/ 5 microns<\/p>\n\n\t\t<\/div>\n\t<\/div>\n\t\n\t\n\n\t\t<\/div>\n\t\t\t\t\t<\/div>\n\n\t\n\n\t<div id=\"col-199168787\" class=\"col medium-4 small-12 large-4\"  >\n\t\t\t\t<div class=\"col-inner\"  >\n\t\t\t\n\t\t\t\n\n\n\t\t<div class=\"icon-box featured-box icon-box-left text-left\"  >\n\t\t\t\t\t<div class=\"icon-box-img\" style=\"width: 60px\">\n\t\t\t\t<div class=\"icon\">\n\t\t\t\t\t<div class=\"icon-inner\" style=\"color:rgb(255, 255, 255);\">\n\t\t\t\t\t\t<?xml version=\"1.0\" encoding=\"UTF-8\" standalone=\"no\"?>\n<svg\n   id=\"\u56fe\u5c42_1\"\n   data-name=\"\u56fe\u5c42 1\"\n   viewBox=\"0 0 59.954399 56.960361\"\n   version=\"1.1\"\n   sodipodi:docname=\"4ecef3b479c23b5aeb62158a0216ff91.svg\"\n   width=\"59.954399\"\n   height=\"56.960361\"\n   xmlns:inkscape=\"http:\/\/www.inkscape.org\/namespaces\/inkscape\"\n   xmlns:sodipodi=\"http:\/\/sodipodi.sourceforge.net\/DTD\/sodipodi-0.dtd\"\n   xmlns=\"http:\/\/www.w3.org\/2000\/svg\"\n   xmlns:svg=\"http:\/\/www.w3.org\/2000\/svg\">\n  <sodipodi:namedview\n     id=\"namedview15\"\n     pagecolor=\"#ffffff\"\n     bordercolor=\"#666666\"\n     borderopacity=\"1.0\"\n     inkscape:pageshadow=\"2\"\n     inkscape:pageopacity=\"0.0\"\n     inkscape:pagecheckerboard=\"0\" \/>\n  <defs\n     id=\"defs4\">\n    <style\n       id=\"style2\">.cls-1{fill:#fff;}<\/style>\n  <\/defs>\n  <path\n     class=\"cls-1\"\n     d=\"m 25.975762,36.680181 a 0.46,0.46 0 0 0 0.64,0 0.42,0.42 0 0 0 0.12,-0.24 l 1.24,-8.5 1.32,-8.78 a 0.44,0.44 0 0 0 -0.38,-0.51 0.29,0.29 0 0 0 -0.13,0 l -8.81,1.32 -8.49,1.28 a 0.45,0.45 0 0 0 -0.37,0.52 0.39,0.39 0 0 0 0.12,0.24 l 4,4 a 0.44,0.44 0 0 1 0,0.62 v 0 l -15.11000029,15.27 a 0.47,0.47 0 0 0 0,0.64 l 5.30999999,5.31 a 0.47,0.47 0 0 0 0.64,0 l 15.2100003,-15.21 a 0.44,0.44 0 0 1 0.62,0 v 0 z\"\n     id=\"path6\" \/>\n  <path\n     class=\"cls-1\"\n     d=\"m 33.975762,19.290181 a 0.46,0.46 0 0 0 -0.64,0 0.42,0.42 0 0 0 -0.12,0.24 l -1.24,8.5 -1.32,8.77 a 0.44,0.44 0 0 0 0.38,0.51 0.29,0.29 0 0 0 0.13,0 l 8.81,-1.31 8.49,-1.28 a 0.46,0.46 0 0 0 0.37,-0.54 0.51,0.51 0 0 0 -0.12,-0.23 l -4,-4 a 0.45,0.45 0 0 1 0,-0.64 v 0 l 15.11,-15.25 a 0.45,0.45 0 0 0 0,-0.63 l -5.31,-5.3099995 a 0.45,0.45 0 0 0 -0.64,0 v 0 l -15.21,15.2099995 a 0.44,0.44 0 0 1 -0.62,0 v 0 z\"\n     id=\"path8\" \/>\n  <path\n     class=\"cls-1\"\n     d=\"m 3.7257617,34.600181 h -2.26 V 2.4801815 a 2.48,2.48 0 0 1 2.51,-2.48000004167 H 55.975762 a 2.49,2.49 0 0 1 2.46,2.48000004167 v 4.2 h -2.26 v -4.2 a 0.21,0.21 0 0 0 -0.2,-0.23 H 3.9757617 a 0.22,0.22 0 0 0 -0.25,0.23 z\"\n     id=\"path10\" \/>\n  <path\n     class=\"cls-1\"\n     d=\"M 55.975762,56.960181 H 3.9757617 a 2.48,2.48 0 0 1 -2.51,-2.48 v -4.9 h 2.26 v 4.9 a 0.22,0.22 0 0 0 0.21,0.23 H 55.975762 a 0.21,0.21 0 0 0 0.2,-0.23 v -33.69 h 2.26 v 33.69 a 2.49,2.49 0 0 1 -2.46,2.48 z\"\n     id=\"path12\" \/>\n<\/svg>\n\t\t\t\t\t<\/div>\n\t\t\t\t<\/div>\n\t\t\t<\/div>\n\t\t\t\t<div class=\"icon-box-text last-reset\">\n\t\t\t\t\t\t\t\t\t\n\n<h3>1,5 mm de course<\/h3>\n<p>Compatible avec les filaments flexibles<\/p>\n\n\t\t<\/div>\n\t<\/div>\n\t\n\t\n\n\t\t<\/div>\n\t\t\t\t\t<\/div>\n\n\t\n\n<\/div>\n<div class=\"row\"  id=\"row-923092954\">\n\n\n\t<div id=\"col-1106282847\" class=\"col small-12 large-12\"  >\n\t\t\t\t<div class=\"col-inner\"  >\n\t\t\t\n\t\t\t\n\n<h4>Que signifie une r\u00e9p\u00e9tabilit\u00e9 \u00e9lev\u00e9e pour une imprimante 3D ?<\/h4>\n<p>Le processus d&rsquo;impression 3D consiste \u00e0 construire un objet \u00e0 partir de fines couches. Dans le processus FFF, une extrudeuse se d\u00e9place en va-et-vient le long des axes X et Y du mod\u00e8le pour cr\u00e9er une couche. Il doit le faire des milliers de fois ou plus pour un objet haut. Si l&rsquo;extrudeuse perd sa position, l&rsquo;objet imprim\u00e9 en 3D est impr\u00e9cis ou inutilisable. C&rsquo;est pourquoi il faut d&rsquo;une part une grande r\u00e9p\u00e9tabilit\u00e9 pendant le processus d&rsquo;impression. Si vous avez besoin d&rsquo;un plus grand nombre de pi\u00e8ces pour le m\u00eame composant, vous avez \u00e9galement besoin d&rsquo;une grande r\u00e9p\u00e9tabilit\u00e9, car vous souhaitez obtenir les m\u00eames tol\u00e9rances pour toutes ces pi\u00e8ces.     <\/p>\n<h4>Qu&rsquo;entend-on par vitesse \u00e9lev\u00e9e ?<\/h4>\n<p>La vitesse fait r\u00e9f\u00e9rence au temps total n\u00e9cessaire \u00e0 l&rsquo;imprimante 3D pour produire un objet. Elle d\u00e9pend toutefois fortement du type de projet (g\u00e9om\u00e9trie, stabilit\u00e9, mat\u00e9riau, etc.). D&rsquo;autre part, la vitesse \u00e0 laquelle l&rsquo;extrudeuse peut se d\u00e9placer ou passer d&rsquo;un mat\u00e9riau de mod\u00e8le \u00e0 un mat\u00e9riau de support est d\u00e9terminante. Le temps n\u00e9cessaire au changement de direction peut \u00e9galement \u00eatre d\u00e9cisif. Un temps de changement de direction de &lt;1 seconde signifie que l&rsquo;imprimante 3D Pro3-Series peut changer de direction en moins d&rsquo;une seconde. Cela r\u00e9duit le temps total du processus d&rsquo;impression 3D. Cependant, ce gain de temps ne peut pas \u00eatre g\u00e9n\u00e9ralis\u00e9, il d\u00e9pend du projet.      <\/p>\n<h4>Pourquoi une distance de course de 1,5 mm est-elle avantageuse pour une imprimante 3D ?<\/h4>\n<p>La distance de course d\u00e9crit la distance entre la buse de l&rsquo;extrudeuse \u00e0 l&rsquo;arr\u00eat et le composant. Il doit y avoir une certaine distance afin de s&rsquo;assurer qu&rsquo;une buse n&rsquo;interf\u00e8re pas avec l&rsquo;impression de l&rsquo;autre buse. La distance de course de 1,5 mm de la s\u00e9rie Pro3 garantit de mani\u00e8re fiable une impression 3D de haute qualit\u00e9 avec la double extrudeuse.  <\/p>\n<a href=\"https:\/\/3d-edu.ch\/fr\/?attachment_id=45234#main\" class=\"button primary is-outline\" >\n\t\t<span>Commander Pro 3 en ligne<\/span>\n\t<\/a>\n\n\n<a href=\"https:\/\/3d-edu.ch\/?post_type=product&#038;p=45231\" class=\"button primary is-outline\" >\n\t\t<span>Commander Pro 3 Plus en ligne<\/span>\n\t<\/a>\n\n\n<a href=\"https:\/\/3d-edu.ch\/fr\/demander-un-devis-pour-limprimante-3d-raise3d\/\" class=\"button primary\" >\n\t\t<span>Demander un devis<\/span>\n\t<\/a>\n\n\n\n\t\t<\/div>\n\t\t\t\t\t<\/div>\n\n\t\n\n<\/div>\n\n\t\t<\/div>\n\n\t\t\n<style>\n#section_1239353479 {\n  padding-top: 60px;\n  padding-bottom: 60px;\n  min-height: 650px;\n  background-color: rgb(245, 245, 245);\n}\n#section_1239353479 .section-bg-overlay {\n  background-color: rgba(0,0,0,.5);\n}\n<\/style>\n\t<\/section>\n\t\n<div class=\"row\"  id=\"row-1069205065\">\n\n\n\t<div id=\"col-1368130874\" class=\"col small-12 large-12\"  >\n\t\t\t\t<div class=\"col-inner\"  >\n\t\t\t\n\t\t\t\n\n<h2>Am\u00e9lioration de la convivialit\u00e9<\/h2>\n\n\t\t<\/div>\n\t\t\t\t\t<\/div>\n\n\t\n\n<\/div>\n\n\t<section class=\"section\" id=\"section_1272347791\">\n\t\t<div class=\"section-bg fill\" >\n\t\t\t\t\t\t\t\t\t\n\t\t\t\n\n\t\t<\/div>\n\n\t\t\n\n\t\t<div class=\"section-content relative\">\n\t\t\t\n\n<div class=\"row align-middle\"  id=\"row-1635824302\">\n\n\n\t<div id=\"col-1810418282\" class=\"col medium-6 small-12 large-6\"  >\n\t\t\t\t<div class=\"col-inner\"  >\n\t\t\t\n\t\t\t\n\n\t<div class=\"img has-hover x md-x lg-x y md-y lg-y\" id=\"image_1456075083\">\n\t\t\t\t\t\t\t\t<div class=\"img-inner dark\" >\n\t\t\t<img loading=\"lazy\" decoding=\"async\" width=\"597\" height=\"333\" src=\"https:\/\/3d-edu.ch\/wp-content\/uploads\/2022\/10\/Raise3D_Pro-3-Breitbandkabel.webp\" class=\"attachment-original size-original\" alt=\"Raise3D Pro 3 Breitbandkabel\" srcset=\"https:\/\/3d-edu.ch\/wp-content\/uploads\/2022\/10\/Raise3D_Pro-3-Breitbandkabel.webp 597w, https:\/\/3d-edu.ch\/wp-content\/uploads\/2022\/10\/Raise3D_Pro-3-Breitbandkabel-240x134.webp 240w, https:\/\/3d-edu.ch\/wp-content\/uploads\/2022\/10\/Raise3D_Pro-3-Breitbandkabel-54x30.webp 54w, https:\/\/3d-edu.ch\/wp-content\/uploads\/2022\/10\/Raise3D_Pro-3-Breitbandkabel-380x212.webp 380w\" sizes=\"auto, (max-width: 597px) 100vw, 597px\" \/>\t\t\t\t\t\t\n\t\t\t\t\t<\/div>\n\t\t\t\t\t\t\t\t\n<style>\n#image_1456075083 {\n  width: 100%;\n}\n<\/style>\n\t<\/div>\n\t\n\n\n\t\t<\/div>\n\t\t\t\t\t<\/div>\n\n\t\n\n\t<div id=\"col-1636144399\" class=\"col medium-6 small-12 large-6\"  >\n\t\t\t\t<div class=\"col-inner\"  >\n\t\t\t\n\t\t\t\n\n<h2>C\u00e2ble l\u00e9ger \u00e0 large bande avec mesure num\u00e9rique de la temp\u00e9rature<\/h2>\n<p>Dans la s\u00e9rie Raise3D Pro3, le c\u00e2ble de la cha\u00eene porte-c\u00e2bles de la s\u00e9rie Pro2 a \u00e9t\u00e9 remplac\u00e9 par un c\u00e2ble l\u00e9ger \u00e0 large bande. Cela a permis \u00e0 Raise3D de r\u00e9duire le poids de l&rsquo;extrudeuse. Par cons\u00e9quent, la masse et le centre de gravit\u00e9 de l&rsquo;extrudeuse ont \u00e9t\u00e9 am\u00e9lior\u00e9s, ce qui se traduit par une meilleure qualit\u00e9 d&rsquo;impression.  <\/p>\n\n\t\t<\/div>\n\t\t\t\t\t<\/div>\n\n\t\n\n<\/div>\n\n\t\t<\/div>\n\n\t\t\n<style>\n#section_1272347791 {\n  padding-top: 60px;\n  padding-bottom: 60px;\n  min-height: 300px;\n  background-color: rgb(225, 225, 225);\n}\n<\/style>\n\t<\/section>\n\t\n<div class=\"row align-middle\"  id=\"row-752526329\">\n\n\n\t<div id=\"col-1461592572\" class=\"col medium-6 small-12 large-6\"  >\n\t\t\t\t<div class=\"col-inner\"  >\n\t\t\t\n\t\t\t\n\n\t<div class=\"img has-hover x md-x lg-x y md-y lg-y\" id=\"image_2144439284\">\n\t\t\t\t\t\t\t\t<div class=\"img-inner dark\" >\n\t\t\t<img loading=\"lazy\" decoding=\"async\" width=\"597\" height=\"333\" src=\"https:\/\/3d-edu.ch\/wp-content\/uploads\/2022\/10\/Raise3D_Pro3-Series-Auto-Bed-Leveling.webp\" class=\"attachment-original size-original\" alt=\"Raise3D Pro3 Series Auto Bed Leveling\" srcset=\"https:\/\/3d-edu.ch\/wp-content\/uploads\/2022\/10\/Raise3D_Pro3-Series-Auto-Bed-Leveling.webp 597w, https:\/\/3d-edu.ch\/wp-content\/uploads\/2022\/10\/Raise3D_Pro3-Series-Auto-Bed-Leveling-240x134.webp 240w, https:\/\/3d-edu.ch\/wp-content\/uploads\/2022\/10\/Raise3D_Pro3-Series-Auto-Bed-Leveling-54x30.webp 54w, https:\/\/3d-edu.ch\/wp-content\/uploads\/2022\/10\/Raise3D_Pro3-Series-Auto-Bed-Leveling-380x212.webp 380w\" sizes=\"auto, (max-width: 597px) 100vw, 597px\" \/>\t\t\t\t\t\t\n\t\t\t\t\t<\/div>\n\t\t\t\t\t\t\t\t\n<style>\n#image_2144439284 {\n  width: 100%;\n}\n<\/style>\n\t<\/div>\n\t\n\n\n\t\t<\/div>\n\t\t\t\t\t<\/div>\n\n\t\n\n\t<div id=\"col-969625225\" class=\"col medium-6 small-12 large-6\"  >\n\t\t\t\t<div class=\"col-inner\"  >\n\t\t\t\n\t\t\t\n\n<h2>L&rsquo;importance du nivellement automatique des panneaux de construction<\/h2>\n<p>La mise \u00e0 niveau du lit d&rsquo;impression permet de s&rsquo;assurer que la plate-forme d&rsquo;impression est aussi plane que possible. Dans la s\u00e9rie Raise3D Pro3, cette mise \u00e0 niveau est automatis\u00e9e. Gr\u00e2ce \u00e0 la mise \u00e0 niveau automatique du plateau de construction, la distance entre les buses d&rsquo;impression et le lit d&rsquo;impression reste constante. Cela am\u00e9liore l&rsquo;adh\u00e9rence des composants sur le lit d&rsquo;impression et permet d&rsquo;obtenir des premi\u00e8res couches de haute qualit\u00e9 et des angles nets.   <\/p>\n\n\t\t<\/div>\n\t\t\t\t\t<\/div>\n\n\t\n\n<\/div>\n\n\t<section class=\"section\" id=\"section_226244876\">\n\t\t<div class=\"section-bg fill\" >\n\t\t\t\t\t\t\t\t\t\n\t\t\t\n\n\t\t<\/div>\n\n\t\t\n\n\t\t<div class=\"section-content relative\">\n\t\t\t\n\n<div class=\"row align-middle\"  id=\"row-52629834\">\n\n\n\t<div id=\"col-1525687746\" class=\"col medium-6 small-12 large-6\"  >\n\t\t\t\t<div class=\"col-inner\"  >\n\t\t\t\n\t\t\t\n\n\t<div class=\"img has-hover x md-x lg-x y md-y lg-y\" id=\"image_126694985\">\n\t\t\t\t\t\t\t\t<div class=\"img-inner dark\" >\n\t\t\t<img loading=\"lazy\" decoding=\"async\" width=\"597\" height=\"333\" src=\"https:\/\/3d-edu.ch\/wp-content\/uploads\/2022\/10\/Raise3D-Pro-3-Series-Camera.webp\" class=\"attachment-original size-original\" alt=\"\" srcset=\"https:\/\/3d-edu.ch\/wp-content\/uploads\/2022\/10\/Raise3D-Pro-3-Series-Camera.webp 597w, https:\/\/3d-edu.ch\/wp-content\/uploads\/2022\/10\/Raise3D-Pro-3-Series-Camera-240x134.webp 240w, https:\/\/3d-edu.ch\/wp-content\/uploads\/2022\/10\/Raise3D-Pro-3-Series-Camera-54x30.webp 54w, https:\/\/3d-edu.ch\/wp-content\/uploads\/2022\/10\/Raise3D-Pro-3-Series-Camera-380x212.webp 380w\" sizes=\"auto, (max-width: 597px) 100vw, 597px\" \/>\t\t\t\t\t\t\n\t\t\t\t\t<\/div>\n\t\t\t\t\t\t\t\t\n<style>\n#image_126694985 {\n  width: 100%;\n}\n<\/style>\n\t<\/div>\n\t\n\n\n\t\t<\/div>\n\t\t\t\t\t<\/div>\n\n\t\n\n\t<div id=\"col-296777419\" class=\"col medium-6 small-12 large-6\"  >\n\t\t\t\t<div class=\"col-inner\"  >\n\t\t\t\n\t\t\t\n\n<h2>Cam\u00e9ra HD pour le contr\u00f4le de la pression<\/h2>\n<p>La Raise3D Pro 3 et la Raise3D Pro 3 Plus sont \u00e9quip\u00e9es d&rsquo;une cam\u00e9ra HD qui permet de surveiller le processus d&rsquo;impression 3D en temps r\u00e9el. Via RaiseCloud, vous pouvez acc\u00e9der \u00e0 distance ou en d\u00e9placement aux imprimantes Raise3D et \u00e0 cette cam\u00e9ra. De cette mani\u00e8re, la progression et le processus d&rsquo;impression sont toujours sous contr\u00f4le. Cela permet non seulement de rassurer certains, mais aussi de g\u00e9rer l&rsquo;imprimante lorsqu&rsquo;elle n&rsquo;est pas au bureau. Les deux imprimantes 3D de la s\u00e9rie Raise3D Pro3 sont \u00e9galement \u00e9quip\u00e9es d&rsquo;un capteur CMOS am\u00e9lior\u00e9 afin d&rsquo;obtenir une meilleure qualit\u00e9 d&rsquo;image.    <\/p>\n\n\t\t<\/div>\n\t\t\t\t\t<\/div>\n\n\t\n\n<\/div>\n\n\t\t<\/div>\n\n\t\t\n<style>\n#section_226244876 {\n  padding-top: 60px;\n  padding-bottom: 60px;\n  min-height: 300px;\n  background-color: rgb(225, 225, 225);\n}\n<\/style>\n\t<\/section>\n\t\n\n\t<section class=\"section\" id=\"section_810537573\">\n\t\t<div class=\"section-bg fill\" >\n\t\t\t\t\t\t\t\t\t\n\t\t\t\n\n\t\t<\/div>\n\n\t\t\n\n\t\t<div class=\"section-content relative\">\n\t\t\t\n\n<div class=\"row\"  id=\"row-480989148\">\n\n\n\t<div id=\"col-1357757046\" class=\"col small-12 large-12\"  >\n\t\t\t\t<div class=\"col-inner text-center\"  >\n\t\t\t\n\t\t\t\n\n<h2>Capable de traiter une large gamme de mat\u00e9riaux jusqu&rsquo;\u00e0 300\u2103.<\/h2>\n<p>PLA\/ ABS\/ HIPS\/ PC\/ TPU\/ TPE\/ PETG\/ ASA\/ PP\/ PVA\/ Nylon\/ Infus\u00e9 de fibres de verre\/ Infus\u00e9 de fibres de carbone\/ Remplissage m\u00e9tal\/ Remplissage bois<\/p>\n<a href=\"https:\/\/3d-edu.ch\/fr\/produkt-kategorie\/filaments-pour-imprimantes-3d-fr\/filaments-raise3d-fr\/\" class=\"button primary\" >\n\t\t<span>Commander un filament<\/span>\n\t<\/a>\n\n\n\n\t\t<\/div>\n\t\t\t\t\t<\/div>\n\n\t\n\n<\/div>\n\n\t\t<\/div>\n\n\t\t\n<style>\n#section_810537573 {\n  padding-top: 30px;\n  padding-bottom: 30px;\n  background-color: rgb(247, 247, 247);\n}\n<\/style>\n\t<\/section>\n\t\n\n\t<section class=\"section\" id=\"section_2084797357\">\n\t\t<div class=\"section-bg fill\" >\n\t\t\t<img loading=\"lazy\" decoding=\"async\" width=\"1920\" height=\"400\" src=\"https:\/\/3d-edu.ch\/wp-content\/uploads\/2022\/10\/Raise3D-Pro3-Series-Filamente-Materialien.webp\" class=\"bg attachment-original size-original\" alt=\"Raise3D Pro3 Series Filamente Materialien\" \/>\t\t\t\t\t\t\n\t\t\t\n\n\t\t<\/div>\n\n\t\t\n\n\t\t<div class=\"section-content relative\">\n\t\t\t\n\n\n\t\t<\/div>\n\n\t\t\n<style>\n#section_2084797357 {\n  padding-top: 30px;\n  padding-bottom: 30px;\n  min-height: 300px;\n}\n<\/style>\n\t<\/section>\n\t\n<div class=\"row\"  id=\"row-1823050473\">\n\n\n\t<div id=\"col-261083052\" class=\"col small-12 large-12\"  >\n\t\t\t\t<div class=\"col-inner\"  >\n\t\t\t\n\t\t\t\n\n<h2>Fonctions de s\u00e9curit\u00e9 am\u00e9lior\u00e9es<\/h2>\n\n\t\t<\/div>\n\t\t\t\t\t<\/div>\n\n\t\n\n<\/div>\n\n\t<section class=\"section dark\" id=\"section_391052713\">\n\t\t<div class=\"section-bg fill\" >\n\t\t\t\t\t\t\t\t\t<div class=\"section-bg-overlay absolute fill\"><\/div>\n\t\t\t\n\n\t\t<\/div>\n\n\t\t\n\n\t\t<div class=\"section-content relative\">\n\t\t\t\n\n<div class=\"row row-collapse row-full-width align-middle\"  id=\"row-498398263\">\n\n\n\t<div id=\"col-1336771214\" class=\"col medium-6 small-12 large-6\"  >\n\t\t\t\t<div class=\"col-inner\"  >\n\t\t\t\n\t\t\t\n\n\t<div class=\"img has-hover x md-x lg-x y md-y lg-y\" id=\"image_854472809\">\n\t\t\t\t\t\t\t\t<div class=\"img-inner dark\" >\n\t\t\t<img loading=\"lazy\" decoding=\"async\" width=\"957\" height=\"525\" src=\"https:\/\/3d-edu.ch\/wp-content\/uploads\/2022\/10\/Raise3D-Pro-3-Wiederherstellung-bei-Stromausfall.webp\" class=\"attachment-original size-original\" alt=\"Raise3D Pro 3 Wiederherstellung bei Stromausfall\" srcset=\"https:\/\/3d-edu.ch\/wp-content\/uploads\/2022\/10\/Raise3D-Pro-3-Wiederherstellung-bei-Stromausfall.webp 957w, https:\/\/3d-edu.ch\/wp-content\/uploads\/2022\/10\/Raise3D-Pro-3-Wiederherstellung-bei-Stromausfall-240x132.webp 240w, https:\/\/3d-edu.ch\/wp-content\/uploads\/2022\/10\/Raise3D-Pro-3-Wiederherstellung-bei-Stromausfall-768x421.webp 768w, https:\/\/3d-edu.ch\/wp-content\/uploads\/2022\/10\/Raise3D-Pro-3-Wiederherstellung-bei-Stromausfall-55x30.webp 55w, https:\/\/3d-edu.ch\/wp-content\/uploads\/2022\/10\/Raise3D-Pro-3-Wiederherstellung-bei-Stromausfall-380x208.webp 380w\" sizes=\"auto, (max-width: 957px) 100vw, 957px\" \/>\t\t\t\t\t\t\n\t\t\t\t\t<\/div>\n\t\t\t\t\t\t\t\t\n<style>\n#image_854472809 {\n  width: 100%;\n}\n<\/style>\n\t<\/div>\n\t\n\n\n\t\t<\/div>\n\t\t\t\t\t<\/div>\n\n\t\n\n\t<div id=\"col-866902950\" class=\"col medium-6 small-12 large-6\"  >\n\t\t\t\t<div class=\"col-inner text-left\"  >\n\t\t\t\n\t\t\t\n\n<h2>Restauration en cas de panne de courant<\/h2>\n<p>Un travail d&rsquo;impression peut \u00eatre interrompu ou perdu en raison d&rsquo;une panne de courant ou d&rsquo;une panne de filament (si le filament s&rsquo;\u00e9puise), m\u00eame en cours d&rsquo;impression. C&rsquo;est pourquoi la s\u00e9rie Raise3D Pro3 est \u00e9quip\u00e9e d&rsquo;un capteur de fin de filament sur les extrudeuses, qui d\u00e9tecte et \u00e9met un avertissement lorsque le filament est \u00e9puis\u00e9. Ainsi, la t\u00e2che d&rsquo;impression est certes interrompue pour charger le mat\u00e9riau. Cependant, l&rsquo;\u00e9tat actuel est enregistr\u00e9 et il est possible de reprendre la t\u00e2che d&rsquo;impression. En outre, les imprimantes 3D FFF de la s\u00e9rie Pro 3 sont \u00e9quip\u00e9es d&rsquo;une fonction de coupure de courant. Celle-ci enregistre l&rsquo;\u00e9tat de l&rsquo;impression en cas de panne de courant. De cette mani\u00e8re, l&rsquo;impression peut \u00eatre reprise au m\u00eame endroit d\u00e8s que le courant est r\u00e9tabli.      <\/p>\n\n\t\t<\/div>\n\t\t\t\t\n<style>\n#col-866902950 > .col-inner {\n  padding: 5% 5% 5% 5%;\n  max-width: 520px;\n}\n<\/style>\n\t<\/div>\n\n\t\n\n<\/div>\n\n\t\t<\/div>\n\n\t\t\n<style>\n#section_391052713 {\n  padding-top: 0px;\n  padding-bottom: 0px;\n  background-color: rgb(64, 64, 64);\n}\n#section_391052713 .section-bg-overlay {\n  background-color: rgba(0, 0, 0, 0.73);\n}\n<\/style>\n\t<\/section>\n\t\n\n\t<section class=\"section dark\" id=\"section_419042240\">\n\t\t<div class=\"section-bg fill\" >\n\t\t\t\t\t\t\t\t\t<div class=\"section-bg-overlay absolute fill\"><\/div>\n\t\t\t\n\n\t\t<\/div>\n\n\t\t\n\n\t\t<div class=\"section-content relative\">\n\t\t\t\n\n<div class=\"row row-collapse row-full-width align-middle\"  id=\"row-605304911\">\n\n\n\t<div id=\"col-2137488511\" class=\"col medium-6 small-12 large-6\"  >\n\t\t\t\t<div class=\"col-inner text-left\"  >\n\t\t\t\n\t\t\t\n\n<h2>D\u00e9tection automatique de l&rsquo;ouverture de la porte<\/h2>\n<p>La s\u00e9rie Raise3D Pro 3 offre une autre caract\u00e9ristique de s\u00e9curit\u00e9 : la d\u00e9tection automatique de l&rsquo;ouverture d&rsquo;une porte. Si la porte s&rsquo;ouvre pendant le processus d&rsquo;impression, l&rsquo;imprimante interrompt imm\u00e9diatement le processus. D\u00e8s que la porte est referm\u00e9e, l&rsquo;impression peut reprendre.  <\/p>\n\n\t\t<\/div>\n\t\t\t\t\n<style>\n#col-2137488511 > .col-inner {\n  padding: 5% 5% 5% 0px;\n  max-width: 520px;\n}\n<\/style>\n\t<\/div>\n\n\t\n\n\t<div id=\"col-1019049292\" class=\"col medium-6 small-12 large-6\"  >\n\t\t\t\t<div class=\"col-inner\"  >\n\t\t\t\n\t\t\t\n\n\t<div class=\"img has-hover x md-x lg-x y md-y lg-y\" id=\"image_1920237225\">\n\t\t\t\t\t\t\t\t<div class=\"img-inner dark\" >\n\t\t\t<img loading=\"lazy\" decoding=\"async\" width=\"957\" height=\"525\" src=\"https:\/\/3d-edu.ch\/wp-content\/uploads\/2022\/10\/Raise3D-Pro3-Tuer-Sicherung.webp\" class=\"attachment-original size-original\" alt=\"Raise3D Pro3 Tuer Sicherung\" srcset=\"https:\/\/3d-edu.ch\/wp-content\/uploads\/2022\/10\/Raise3D-Pro3-Tuer-Sicherung.webp 957w, https:\/\/3d-edu.ch\/wp-content\/uploads\/2022\/10\/Raise3D-Pro3-Tuer-Sicherung-240x132.webp 240w, https:\/\/3d-edu.ch\/wp-content\/uploads\/2022\/10\/Raise3D-Pro3-Tuer-Sicherung-768x421.webp 768w, https:\/\/3d-edu.ch\/wp-content\/uploads\/2022\/10\/Raise3D-Pro3-Tuer-Sicherung-55x30.webp 55w, https:\/\/3d-edu.ch\/wp-content\/uploads\/2022\/10\/Raise3D-Pro3-Tuer-Sicherung-380x208.webp 380w\" sizes=\"auto, (max-width: 957px) 100vw, 957px\" \/>\t\t\t\t\t\t\n\t\t\t\t\t<\/div>\n\t\t\t\t\t\t\t\t\n<style>\n#image_1920237225 {\n  width: 100%;\n}\n<\/style>\n\t<\/div>\n\t\n\n\n\t\t<\/div>\n\t\t\t\t\t<\/div>\n\n\t\n\n<\/div>\n\n\t\t<\/div>\n\n\t\t\n<style>\n#section_419042240 {\n  padding-top: 0px;\n  padding-bottom: 0px;\n  background-color: rgb(64, 64, 64);\n}\n#section_419042240 .section-bg-overlay {\n  background-color: rgba(0, 0, 0, 0.7);\n}\n<\/style>\n\t<\/section>\n\t\n<div class=\"row\"  id=\"row-473297275\">\n\n\n\t<div id=\"col-1326228352\" class=\"col small-12 large-12\"  >\n\t\t\t\t<div class=\"col-inner\"  >\n\t\t\t\n\t\t\t\n\n\n\t\t<div class=\"tabbed-content\">\n\t\t\t\n\t\t\t<ul class=\"nav nav-line nav-vertical nav-normal nav-size-xlarge nav-left\" role=\"tablist\"><li id=\"tab-compatibilit\u00e9-des-mat\u00e9riaux\" class=\"tab active has-icon\" role=\"presentation\"><a href=\"#tab_compatibilit\u00e9-des-mat\u00e9riaux\" role=\"tab\" aria-selected=\"true\" aria-controls=\"tab_compatibilit\u00e9-des-mat\u00e9riaux\"><span>Compatibilit\u00e9 des mat\u00e9riaux<\/span><\/a><\/li>\n<li id=\"tab-panneau-de-construction-flexible\" class=\"tab has-icon\" role=\"presentation\"><a href=\"#tab_panneau-de-construction-flexible\" tabindex=\"-1\" role=\"tab\" aria-selected=\"false\" aria-controls=\"tab_panneau-de-construction-flexible\"><span>Panneau de construction flexible<\/span><\/a><\/li>\n<li id=\"tab-filtre-\u00e0-air-hepa\" class=\"tab has-icon\" role=\"presentation\"><a href=\"#tab_filtre-\u00e0-air-hepa\" tabindex=\"-1\" role=\"tab\" aria-selected=\"false\" aria-controls=\"tab_filtre-\u00e0-air-hepa\"><span>Filtre \u00e0 air HEPA<\/span><\/a><\/li>\n<li id=\"tab-\u00c9cran-tactile-et-surveillance\" class=\"tab has-icon\" role=\"presentation\"><a href=\"#tab_\u00c9cran-tactile-et-surveillance\" tabindex=\"-1\" role=\"tab\" aria-selected=\"false\" aria-controls=\"tab_\u00c9cran-tactile-et-surveillance\"><span>\u00c9cran tactile et surveillance<\/span><\/a><\/li>\n<li id=\"tab-cadre-enti\u00e8rement-m\u00e9tallique\" class=\"tab has-icon\" role=\"presentation\"><a href=\"#tab_cadre-enti\u00e8rement-m\u00e9tallique\" tabindex=\"-1\" role=\"tab\" aria-selected=\"false\" aria-controls=\"tab_cadre-enti\u00e8rement-m\u00e9tallique\"><span>Cadre enti\u00e8rement m\u00e9tallique<\/span><\/a><\/li><\/ul><div class=\"tab-panels\"><div id=\"tab_compatibilit\u00e9-des-mat\u00e9riaux\" class=\"panel active entry-content\" role=\"tabpanel\" aria-labelledby=\"tab-compatibilit\u00e9-des-mat\u00e9riaux\">\n\n\n  <div class=\"banner has-hover\" id=\"banner-2054409915\">\n          <div class=\"banner-inner fill\">\n        <div class=\"banner-bg fill\" >\n            <img loading=\"lazy\" decoding=\"async\" width=\"987\" height=\"624\" src=\"https:\/\/3d-edu.ch\/wp-content\/uploads\/2022\/10\/Raise3D-Pro3-Series-Material-Kompatibilitaet.webp\" class=\"bg attachment-original size-original\" alt=\"Raise3D Pro3 Series Material-Kompatibilit\u00e4t\" \/>                        <div class=\"overlay\"><\/div>            \n                    <\/div>\n\t\t\n        <div class=\"banner-layers container\">\n            <div class=\"fill banner-link\"><\/div>            \n\n   <div id=\"text-box-695140029\" class=\"text-box banner-layer x5 md-x5 lg-x5 y5 md-y5 lg-y5 res-text\">\n                                <div class=\"text-box-content text \">\n              \n              <div class=\"text-inner text-left\">\n                  \n\n<h5>Pour r\u00e9pondre \u00e0 diff\u00e9rentes t\u00e2ches et applications, la s\u00e9rie Raise3D Pro3 peut traiter un grand nombre de mat\u00e9riaux d&rsquo;impression 3D (appel\u00e9s filaments).<\/h5>\n<p>Selon l&rsquo;application, diff\u00e9rents filaments d&rsquo;impression 3D sont n\u00e9cessaires pour r\u00e9pondre aux exigences structurelles ou fonctionnelles. Ainsi, un projet peut n\u00e9cessiter de la flexibilit\u00e9 et un autre de la r\u00e9sistance. D&rsquo;autre part, diff\u00e9rents mat\u00e9riaux peuvent \u00eatre n\u00e9cessaires pour un assemblage. Les Raise3D Pro 3 et Pro 3 Plus peuvent traiter de mani\u00e8re fiable une grande vari\u00e9t\u00e9 de mat\u00e9riaux. Elles peuvent donc \u00eatre utilis\u00e9es de mani\u00e8re polyvalente pour diverses applications et exigences, tout en r\u00e9duisant les co\u00fbts.    <\/p>\n<a href=\"https:\/\/3d-edu.ch\/fr\/produkt-kategorie\/filaments-pour-imprimantes-3d-fr\/filaments-raise3d-fr\/\" class=\"button white is-outline\" >\n\t\t<span>Commander des filaments Raise3D<\/span>\n\t<\/a>\n\n\n\n              <\/div>\n           <\/div>\n                            \n<style>\n#text-box-695140029 {\n  width: 90%;\n}\n#text-box-695140029 .text-box-content {\n  font-size: 100%;\n}\n<\/style>\n    <\/div>\n \n\n        <\/div>\n      <\/div>\n\n            \n<style>\n#banner-2054409915 {\n  padding-top: 500px;\n}\n#banner-2054409915 .overlay {\n  background-color: rgba(255,255,255,.5);\n}\n<\/style>\n  <\/div>\n\n\n\n<\/div>\n<div id=\"tab_panneau-de-construction-flexible\" class=\"panel entry-content\" role=\"tabpanel\" aria-labelledby=\"tab-panneau-de-construction-flexible\">\n\n\n  <div class=\"banner has-hover\" id=\"banner-1755895818\">\n          <div class=\"banner-inner fill\">\n        <div class=\"banner-bg fill\" >\n            <img loading=\"lazy\" decoding=\"async\" width=\"987\" height=\"750\" src=\"https:\/\/3d-edu.ch\/wp-content\/uploads\/2022\/10\/Raise3D-Pro3-Flexible-Bauplatte.webp\" class=\"bg attachment-original size-original\" alt=\"Raise3D Pro 3 FlexibleBauplatte\" \/>                        <div class=\"overlay\"><\/div>            \n                    <\/div>\n\t\t\n        <div class=\"banner-layers container\">\n            <div class=\"fill banner-link\"><\/div>            \n\n   <div id=\"text-box-1506504583\" class=\"text-box banner-layer x5 md-x5 lg-x5 y5 md-y5 lg-y5 res-text\">\n                                <div class=\"text-box-content text \">\n              \n              <div class=\"text-inner text-left\">\n                  \n\n<h5>Plaque de construction flexible permettant de d\u00e9tacher facilement les mod\u00e8les imprim\u00e9s de la plaque de construction<\/h5>\n<p>Chaque imprimante 3D de la s\u00e9rie Raise3D Pro 3 est \u00e9quip\u00e9e d&rsquo;un plateau de construction flexible. Le plateau de construction flexible permet de retirer plus facilement les composants imprim\u00e9s de la plateforme de construction tout en \u00e9vitant d&rsquo;\u00e9ventuels dommages \u00e0 l&rsquo;impression finale. Le plateau flexible reprend instantan\u00e9ment sa forme initiale et peut \u00eatre utilis\u00e9 pour le travail d&rsquo;impression suivant. La s\u00e9rie Raise3D Pro3 est \u00e9galement compatible avec les plaques de construction rigides disponibles en option, ainsi qu&rsquo;avec les plaques de construction en verre borosilicate haute temp\u00e9rature.   <\/p>\n<a href=\"https:\/\/3d-edu.ch\/fr\/produkt-kategorie\/raise3d\/pieces-de-rechange-accessoires-fr\/\" class=\"button white is-outline\" >\n\t\t<span>Commander des accessoires Raise3D<\/span>\n\t<\/a>\n\n\n\n              <\/div>\n           <\/div>\n                            \n<style>\n#text-box-1506504583 {\n  width: 90%;\n}\n#text-box-1506504583 .text-box-content {\n  font-size: 100%;\n}\n<\/style>\n    <\/div>\n \n\n        <\/div>\n      <\/div>\n\n            \n<style>\n#banner-1755895818 {\n  padding-top: 500px;\n}\n#banner-1755895818 .overlay {\n  background-color: rgba(255,255,255,.5);\n}\n<\/style>\n  <\/div>\n\n\n\n<\/div>\n<div id=\"tab_filtre-\u00e0-air-hepa\" class=\"panel entry-content\" role=\"tabpanel\" aria-labelledby=\"tab-filtre-\u00e0-air-hepa\">\n\n\n  <div class=\"banner has-hover\" id=\"banner-206843549\">\n          <div class=\"banner-inner fill\">\n        <div class=\"banner-bg fill\" >\n            <img loading=\"lazy\" decoding=\"async\" width=\"987\" height=\"750\" src=\"https:\/\/3d-edu.ch\/wp-content\/uploads\/2022\/10\/Raise3D-Pro3-Series-HEPA-Filter.webp\" class=\"bg attachment-original size-original\" alt=\"Raise3D Pro3 Series HEPA Filter\" \/>                        <div class=\"overlay\"><\/div>            \n                    <\/div>\n\t\t\n        <div class=\"banner-layers container\">\n            <div class=\"fill banner-link\"><\/div>            \n\n   <div id=\"text-box-701434688\" class=\"text-box banner-layer x5 md-x5 lg-x5 y5 md-y5 lg-y5 res-text\">\n                                <div class=\"text-box-content text dark\">\n              \n              <div class=\"text-inner text-left\">\n                  \n\n<h5>Les particules toxiques lib\u00e9r\u00e9es pendant le processus d&rsquo;impression 3D sont \u00e9limin\u00e9es par le syst\u00e8me de filtration d&rsquo;air HEPA am\u00e9lior\u00e9.<\/h5>\n<p>Diverses particules (y compris des nanoparticules) sont lib\u00e9r\u00e9es pendant le processus d&rsquo;impression 3D. La s\u00e9rie Raise3D Pro3 utilise un filtre \u00e0 air HEPA pour purifier l&rsquo;air de toutes ces particules. Gr\u00e2ce au filtre \u00e0 air HEPA, les imprimantes 3D peuvent \u00e9galement \u00eatre utilis\u00e9es sans crainte dans les salles de classe, les bureaux ainsi que dans les grands et petits espaces de travail. Le syst\u00e8me de filtration fonctionne silencieusement en arri\u00e8re-plan, ce qui \u00e9vite toute source de bruit g\u00eanante.   <\/p>\n<a href=\"http:\/\/cat\u00e9gorie-de-produit\/raise3d\/accessoires-raise3d\/\" class=\"button white is-outline\" >\n\t\t<span>Commander des pi\u00e8ces de rechange Raise3D<\/span>\n\t<\/a>\n\n\n\n              <\/div>\n           <\/div>\n                            \n<style>\n#text-box-701434688 {\n  width: 90%;\n}\n#text-box-701434688 .text-box-content {\n  font-size: 100%;\n}\n<\/style>\n    <\/div>\n \n\n        <\/div>\n      <\/div>\n\n            \n<style>\n#banner-206843549 {\n  padding-top: 500px;\n}\n#banner-206843549 .overlay {\n  background-color: rgba(0,0,0,.5);\n}\n<\/style>\n  <\/div>\n\n\n\n<\/div>\n<div id=\"tab_\u00c9cran-tactile-et-surveillance\" class=\"panel entry-content\" role=\"tabpanel\" aria-labelledby=\"tab-\u00c9cran-tactile-et-surveillance\">\n\n\n  <div class=\"banner has-hover\" id=\"banner-141328033\">\n          <div class=\"banner-inner fill\">\n        <div class=\"banner-bg fill\" >\n            <img loading=\"lazy\" decoding=\"async\" width=\"987\" height=\"750\" src=\"https:\/\/3d-edu.ch\/wp-content\/uploads\/2022\/10\/Raise3D-Pro3-Series-Touch-Sceen.webp\" class=\"bg attachment-original size-original\" alt=\"Raise3D Pro-3 Series Touch-Sceen\" \/>                        <div class=\"overlay\"><\/div>            \n                    <\/div>\n\t\t\n        <div class=\"banner-layers container\">\n            <div class=\"fill banner-link\"><\/div>            \n\n   <div id=\"text-box-299747592\" class=\"text-box banner-layer x5 md-x5 lg-x5 y5 md-y5 lg-y5 res-text\">\n                                <div class=\"text-box-content text dark\">\n              \n              <div class=\"text-inner text-left\">\n                  \n\n<h5>\u00c9cran tactile de 7 pouces pour une meilleure visibilit\u00e9 et un contr\u00f4le de l&rsquo;impression via le logiciel CoudSoftware<\/h5>\n<p>L&rsquo;\u00e9cran tactile de 7 pouces de la s\u00e9rie Raise3D Pro3 permet aux utilisateurs d&rsquo;interagir directement avec l&rsquo;imprimante. Il fournit une assistance visuelle et facilite ainsi l&rsquo;utilisation et le contr\u00f4le de l&rsquo;imprimante 3D. Comme toutes les imprimantes 3D Raise3D, la s\u00e9rie Pro3 est pilot\u00e9e par ideaMaker, un programme de d\u00e9coupe 3D. En combinaison avec RaiseCloud, une plateforme de gestion d&rsquo;impression 3D bas\u00e9e sur le cloud, les imprimantes 3D peuvent \u00eatre g\u00e9r\u00e9es ind\u00e9pendamment de l&rsquo;endroit o\u00f9 elles se trouvent. Les utilisateurs peuvent donc suivre chaque travail d&rsquo;impression m\u00eame lorsqu&rsquo;ils sont en d\u00e9placement.    <\/p>\n\n              <\/div>\n           <\/div>\n                            \n<style>\n#text-box-299747592 {\n  width: 90%;\n}\n#text-box-299747592 .text-box-content {\n  font-size: 100%;\n}\n<\/style>\n    <\/div>\n \n\n        <\/div>\n      <\/div>\n\n            \n<style>\n#banner-141328033 {\n  padding-top: 500px;\n}\n#banner-141328033 .overlay {\n  background-color: rgba(0,0,0,.5);\n}\n<\/style>\n  <\/div>\n\n\n\n<\/div>\n<div id=\"tab_cadre-enti\u00e8rement-m\u00e9tallique\" class=\"panel entry-content\" role=\"tabpanel\" aria-labelledby=\"tab-cadre-enti\u00e8rement-m\u00e9tallique\">\n\n\n  <div class=\"banner has-hover\" id=\"banner-795525897\">\n          <div class=\"banner-inner fill\">\n        <div class=\"banner-bg fill\" >\n            <img loading=\"lazy\" decoding=\"async\" width=\"987\" height=\"750\" src=\"https:\/\/3d-edu.ch\/wp-content\/uploads\/2022\/10\/Raise3D-Pro3-Series-full-metal-frame.webp\" class=\"bg attachment-original size-original\" alt=\"Raise3D Pro3 Series full-metal-frame\" \/>                        <div class=\"overlay\"><\/div>            \n                    <\/div>\n\t\t\n        <div class=\"banner-layers container\">\n            <div class=\"fill banner-link\"><\/div>            \n\n   <div id=\"text-box-1198439945\" class=\"text-box banner-layer x5 md-x5 lg-x5 y5 md-y5 lg-y5 res-text\">\n                                <div class=\"text-box-content text dark\">\n              \n              <div class=\"text-inner text-left\">\n                  \n\n<h5>Le cadre enti\u00e8rement m\u00e9tallique sert de syst\u00e8me de guidage fiable pour des mouvements fluides et un positionnement pr\u00e9cis pour une meilleure qualit\u00e9 d&rsquo;impression.<\/h5>\n<p>L&rsquo;impression 3D de haute qualit\u00e9 n\u00e9cessite une imprimante 3D de haute qualit\u00e9. Les imprimantes 3D professionnelles de la s\u00e9rie Pro3 utilisent deux extrudeuses qui sont mont\u00e9es sur un ch\u00e2ssis enti\u00e8rement m\u00e9tallique. Cela permet de cr\u00e9er un syst\u00e8me de guidage sp\u00e9cifique qui permet un glissement fluide lors de l&rsquo;impression. Ce syst\u00e8me de d\u00e9placement assure un positionnement pr\u00e9cis afin que les travaux d&rsquo;impression 3D soient aussi pr\u00e9cis que possible. Gr\u00e2ce aux buses interchangeables, la Pro 3 et la Pro 3 Plus peuvent imprimer \u00e0 diff\u00e9rentes r\u00e9solutions.    <\/p>\n<a href=\"https:\/\/3d-edu.ch\/fr\/produkt-kategorie\/raise3d\/pieces-de-rechange-accessoires-fr\/\" class=\"button white is-outline\" >\n\t\t<span>Commander des accessoires Raise3D<\/span>\n\t<\/a>\n\n\n\n              <\/div>\n           <\/div>\n                            \n<style>\n#text-box-1198439945 {\n  width: 90%;\n}\n#text-box-1198439945 .text-box-content {\n  font-size: 100%;\n}\n<\/style>\n    <\/div>\n \n\n        <\/div>\n      <\/div>\n\n            \n<style>\n#banner-795525897 {\n  padding-top: 500px;\n}\n#banner-795525897 .overlay {\n  background-color: rgba(0,0,0,.5);\n}\n<\/style>\n  <\/div>\n\n\n\n<\/div><\/div><\/div>\n\n\t\t<\/div>\n\t\t\t\t\t<\/div>\n\n\t\n\n<\/div>\n\n\t<section class=\"section\" id=\"section_917431530\">\n\t\t<div class=\"section-bg fill\" >\n\t\t\t\t\t\t\t\t\t\n\t\t\t\n\t<div class=\"is-border\"\n\t\tstyle=\"border-color:rgb(235, 235, 235);border-width:1px 0px 0px 0px;\">\n\t<\/div>\n\n\t\t<\/div>\n\n\t\t\n\n\t\t<div class=\"section-content relative\">\n\t\t\t\n\n<div class=\"row\"  id=\"row-852399551\">\n\n\n\t<div id=\"col-134723934\" class=\"col small-12 large-12\"  >\n\t\t\t\t<div class=\"col-inner\"  >\n\t\t\t\n\t\t\t\n\n<h2>R\u00e9sultats d&rsquo;impression<\/h2>\n\n\t\t<\/div>\n\t\t\t\t\t<\/div>\n\n\t\n\n<\/div>\n<div class=\"row\"  id=\"row-1014566304\">\n\n\n\t<div id=\"col-656876581\" class=\"col medium-4 small-12 large-4\"  >\n\t\t\t\t<div class=\"col-inner\"  >\n\t\t\t\n\t\t\t\n\n<div class=\"video video-fit mb\" style=\"padding-top:56.25%;\"><iframe loading=\"lazy\" title=\"Raise3D Pro3 Series Print Result - Consistent Quality for All Geometry\" width=\"1020\" height=\"574\" src=\"https:\/\/www.youtube.com\/embed\/TQi199-XUFE?feature=oembed\" frameborder=\"0\" allow=\"accelerometer; autoplay; clipboard-write; encrypted-media; gyroscope; picture-in-picture; web-share\" referrerpolicy=\"strict-origin-when-cross-origin\" allowfullscreen><\/iframe><\/div>\n\n<p><strong>Pr\u00e9cision de la g\u00e9om\u00e9trie<\/strong><\/p>\n\n\t\t<\/div>\n\t\t\t\t\t<\/div>\n\n\t\n\n\t<div id=\"col-657697861\" class=\"col medium-4 small-12 large-4\"  >\n\t\t\t\t<div class=\"col-inner\"  >\n\t\t\t\n\t\t\t\n\n<div class=\"video video-fit mb\" style=\"padding-top:56.25%;\"><p><iframe loading=\"lazy\" title=\"Raise3D Pro3 Series Print Result - Overhang Structure\" width=\"1020\" height=\"574\" src=\"https:\/\/www.youtube.com\/embed\/mhVusTH0ZDc?feature=oembed\" frameborder=\"0\" allow=\"accelerometer; autoplay; clipboard-write; encrypted-media; gyroscope; picture-in-picture; web-share\" referrerpolicy=\"strict-origin-when-cross-origin\" allowfullscreen><\/iframe><\/p>\n<\/div>\n\n<p><strong>Structure en surnombre<\/strong><\/p>\n\n\t\t<\/div>\n\t\t\t\t\t<\/div>\n\n\t\n\n\t<div id=\"col-1220874419\" class=\"col medium-4 small-12 large-4\"  >\n\t\t\t\t<div class=\"col-inner\"  >\n\t\t\t\n\t\t\t\n\n<div class=\"video video-fit mb\" style=\"padding-top:56.25%;\"><p><iframe loading=\"lazy\" title=\"Raise3D Pro3 Series Print Result - Flatness and Smoothness\" width=\"1020\" height=\"574\" src=\"https:\/\/www.youtube.com\/embed\/likiZnAjU1M?feature=oembed\" frameborder=\"0\" allow=\"accelerometer; autoplay; clipboard-write; encrypted-media; gyroscope; picture-in-picture; web-share\" referrerpolicy=\"strict-origin-when-cross-origin\" allowfullscreen><\/iframe><\/p>\n<\/div>\n\n<p><strong>Plat et lisse<\/strong><\/p>\n\n\t\t<\/div>\n\t\t\t\t\t<\/div>\n\n\t\n\n<\/div>\n\n\t\t<\/div>\n\n\t\t\n<style>\n#section_917431530 {\n  padding-top: 60px;\n  padding-bottom: 60px;\n  min-height: 300px;\n  background-color: rgb(245, 245, 245);\n}\n<\/style>\n\t<\/section>\n\t\n\n\t<section class=\"section\" id=\"section_334800246\">\n\t\t<div class=\"section-bg fill\" >\n\t\t\t\t\t\t\t\t\t\n\t\t\t\n\n\t\t<\/div>\n\n\t\t\n\n\t\t<div class=\"section-content relative\">\n\t\t\t\n\n<div class=\"row\"  id=\"row-747114919\">\n\n\n\t<div id=\"col-725025595\" class=\"col small-12 large-12\"  >\n\t\t\t\t<div class=\"col-inner\"  >\n\t\t\t\n\t\t\t\n\n<h2>\u00c9cosyst\u00e8me Raise3D<\/h2>\n<p>Connectez ideaMaker et RaiseCloud aux imprimantes 3D Raise3D Pro3 Series pour cr\u00e9er un \u00e9cosyst\u00e8me Raise3D pour une efficacit\u00e9 maximale de l&rsquo;impression 3D.<\/p>\n\n\t\t<div class=\"tabbed-content\">\n\t\t\t\n\t\t\t<ul class=\"nav nav-line-bottom nav-normal nav-size-xlarge nav-center\" role=\"tablist\"><li id=\"tab-ideamaker\" class=\"tab active has-icon\" role=\"presentation\"><a href=\"#tab_ideamaker\" role=\"tab\" aria-selected=\"true\" aria-controls=\"tab_ideamaker\"><span>ideaMaker<\/span><\/a><\/li>\n<li id=\"tab-raisecloud\" class=\"tab has-icon\" role=\"presentation\"><a href=\"#tab_raisecloud\" tabindex=\"-1\" role=\"tab\" aria-selected=\"false\" aria-controls=\"tab_raisecloud\"><span>RaiseCloud<\/span><\/a><\/li>\n<li id=\"tab-biblioth\u00e8que-ideamaker\" class=\"tab has-icon\" role=\"presentation\"><a href=\"#tab_biblioth\u00e8que-ideamaker\" tabindex=\"-1\" role=\"tab\" aria-selected=\"false\" aria-controls=\"tab_biblioth\u00e8que-ideamaker\"><span>biblioth\u00e8que ideaMaker<\/span><\/a><\/li><\/ul><div class=\"tab-panels\"><div id=\"tab_ideamaker\" class=\"panel active entry-content\" role=\"tabpanel\" aria-labelledby=\"tab-ideamaker\">\n\n<div class=\"row align-middle\"  id=\"row-1933491024\">\n\n\n\t<div id=\"col-1803245667\" class=\"col medium-6 small-12 large-6\"  >\n\t\t\t\t<div class=\"col-inner\"  >\n\t\t\t\n\t\t\t\n\n<h3>ideaMaker<\/h3>\n<p>ideaMaker est un logiciel de slicing 3D gratuit de Raise3D, compatible avec les imprimantes Raise3D et les imprimantes d&rsquo;autres fabricants.<\/p>\n<a href=\"https:\/\/3d-edu.ch\/fr\/raise3d\/logiciel\/ideamaker\/\" class=\"button primary\" >\n\t\t<span>D\u00e9couvrir maintenant<\/span>\n\t<\/a>\n\n\n\n\t\t<\/div>\n\t\t\t\t\t<\/div>\n\n\t\n\n\t<div id=\"col-173561583\" class=\"col medium-6 small-12 large-6\"  >\n\t\t\t\t<div class=\"col-inner\"  >\n\t\t\t\n\t\t\t\n\n\t<div class=\"img has-hover x md-x lg-x y md-y lg-y\" id=\"image_15437224\">\n\t\t\t\t\t\t\t\t<div class=\"img-inner dark\" >\n\t\t\t<img loading=\"lazy\" decoding=\"async\" width=\"960\" height=\"533\" src=\"https:\/\/3d-edu.ch\/wp-content\/uploads\/2022\/10\/Raise3D-Pro3-ideaMaker.webp\" class=\"attachment-original size-original\" alt=\"Raise3D Pro-3 ideaMaker\" srcset=\"https:\/\/3d-edu.ch\/wp-content\/uploads\/2022\/10\/Raise3D-Pro3-ideaMaker.webp 960w, https:\/\/3d-edu.ch\/wp-content\/uploads\/2022\/10\/Raise3D-Pro3-ideaMaker-240x133.webp 240w, https:\/\/3d-edu.ch\/wp-content\/uploads\/2022\/10\/Raise3D-Pro3-ideaMaker-768x426.webp 768w, https:\/\/3d-edu.ch\/wp-content\/uploads\/2022\/10\/Raise3D-Pro3-ideaMaker-54x30.webp 54w, https:\/\/3d-edu.ch\/wp-content\/uploads\/2022\/10\/Raise3D-Pro3-ideaMaker-380x211.webp 380w\" sizes=\"auto, (max-width: 960px) 100vw, 960px\" \/>\t\t\t\t\t\t\n\t\t\t\t\t<\/div>\n\t\t\t\t\t\t\t\t\n<style>\n#image_15437224 {\n  width: 100%;\n}\n<\/style>\n\t<\/div>\n\t\n\n\n\t\t<\/div>\n\t\t\t\t\t<\/div>\n\n\t\n\n<\/div>\n\n<\/div>\n<div id=\"tab_raisecloud\" class=\"panel entry-content\" role=\"tabpanel\" aria-labelledby=\"tab-raisecloud\">\n\n<div class=\"row align-middle\"  id=\"row-425687724\">\n\n\n\t<div id=\"col-2011247663\" class=\"col medium-6 small-12 large-6\"  >\n\t\t\t\t<div class=\"col-inner\"  >\n\t\t\t\n\t\t\t\n\n<h3>RaiseCloud<\/h3>\n<p>RaiseCloud est une plateforme de gestion d&rsquo;impression 3D bas\u00e9e sur le cloud qui permet de contr\u00f4ler le processus d&rsquo;impression ind\u00e9pendamment du lieu et d&rsquo;organiser efficacement les travaux d&rsquo;impression.<\/p>\n<a href=\"https:\/\/3d-edu.ch\/fr\/raise3d\/logiciel\/raisecloud\/\" class=\"button primary\" >\n\t\t<span>D\u00e9couvrir maintenant<\/span>\n\t<\/a>\n\n\n\n\t\t<\/div>\n\t\t\t\t\t<\/div>\n\n\t\n\n\t<div id=\"col-850865952\" class=\"col medium-6 small-12 large-6\"  >\n\t\t\t\t<div class=\"col-inner\"  >\n\t\t\t\n\t\t\t\n\n\t<div class=\"img has-hover x md-x lg-x y md-y lg-y\" id=\"image_758508945\">\n\t\t\t\t\t\t\t\t<div class=\"img-inner dark\" >\n\t\t\t<img loading=\"lazy\" decoding=\"async\" width=\"960\" height=\"533\" src=\"https:\/\/3d-edu.ch\/wp-content\/uploads\/2022\/10\/Raise3D-Pro3-Series-RaiseCloud.webp\" class=\"attachment-original size-original\" alt=\"Raise3D Pro3 Plus RaiseCloud\" srcset=\"https:\/\/3d-edu.ch\/wp-content\/uploads\/2022\/10\/Raise3D-Pro3-Series-RaiseCloud.webp 960w, https:\/\/3d-edu.ch\/wp-content\/uploads\/2022\/10\/Raise3D-Pro3-Series-RaiseCloud-240x133.webp 240w, https:\/\/3d-edu.ch\/wp-content\/uploads\/2022\/10\/Raise3D-Pro3-Series-RaiseCloud-768x426.webp 768w, https:\/\/3d-edu.ch\/wp-content\/uploads\/2022\/10\/Raise3D-Pro3-Series-RaiseCloud-54x30.webp 54w, https:\/\/3d-edu.ch\/wp-content\/uploads\/2022\/10\/Raise3D-Pro3-Series-RaiseCloud-380x211.webp 380w\" sizes=\"auto, (max-width: 960px) 100vw, 960px\" \/>\t\t\t\t\t\t\n\t\t\t\t\t<\/div>\n\t\t\t\t\t\t\t\t\n<style>\n#image_758508945 {\n  width: 100%;\n}\n<\/style>\n\t<\/div>\n\t\n\n\n\t\t<\/div>\n\t\t\t\t\t<\/div>\n\n\t\n\n<\/div>\n\n<\/div>\n<div id=\"tab_biblioth\u00e8que-ideamaker\" class=\"panel entry-content\" role=\"tabpanel\" aria-labelledby=\"tab-biblioth\u00e8que-ideamaker\">\n\n<div class=\"row align-middle\"  id=\"row-646258096\">\n\n\n\t<div id=\"col-1475447481\" class=\"col medium-6 small-12 large-6\"  >\n\t\t\t\t<div class=\"col-inner\"  >\n\t\t\t\n\t\t\t\n\n<h3>ideaMaker Library<\/h3>\n<p>ideaMaker Library bietet Nutzern Slicing-Profile f\u00fcr verschiedene Filamente, einschliesslich <a href=\"https:\/\/3d-edu.ch\/raise3d\/filamente\/\">Raise3D-Filamente<\/a> und <a href=\"https:\/\/3d-edu.ch\/raise3d\/filamente\/open-filament-program-ofp\/\">OFP-zertifizierte Filamente<\/a>. Dadurch wird die Einstellung der Druckparameter f\u00fcr verschiedene Filamente massiv vereinfacht.<\/p>\n<a href=\"https:\/\/www.ideamaker.io\/\" target=\"_blank\" class=\"button primary\" rel=\"noopener\" >\n\t\t<span>D\u00e9couvrir maintenant<\/span>\n\t<\/a>\n\n\n\n\t\t<\/div>\n\t\t\t\t\t<\/div>\n\n\t\n\n\t<div id=\"col-1632582607\" class=\"col medium-6 small-12 large-6\"  >\n\t\t\t\t<div class=\"col-inner\"  >\n\t\t\t\n\t\t\t\n\n\t<div class=\"img has-hover x md-x lg-x y md-y lg-y\" id=\"image_509451174\">\n\t\t\t\t\t\t\t\t<div class=\"img-inner dark\" >\n\t\t\t<img loading=\"lazy\" decoding=\"async\" width=\"960\" height=\"533\" src=\"https:\/\/3d-edu.ch\/wp-content\/uploads\/2022\/10\/Raise3D-ideaMaker-Library.webp\" class=\"attachment-original size-original\" alt=\"Raise3D ideaMaker Library\" srcset=\"https:\/\/3d-edu.ch\/wp-content\/uploads\/2022\/10\/Raise3D-ideaMaker-Library.webp 960w, https:\/\/3d-edu.ch\/wp-content\/uploads\/2022\/10\/Raise3D-ideaMaker-Library-240x133.webp 240w, https:\/\/3d-edu.ch\/wp-content\/uploads\/2022\/10\/Raise3D-ideaMaker-Library-768x426.webp 768w, https:\/\/3d-edu.ch\/wp-content\/uploads\/2022\/10\/Raise3D-ideaMaker-Library-54x30.webp 54w, https:\/\/3d-edu.ch\/wp-content\/uploads\/2022\/10\/Raise3D-ideaMaker-Library-380x211.webp 380w\" sizes=\"auto, (max-width: 960px) 100vw, 960px\" \/>\t\t\t\t\t\t\n\t\t\t\t\t<\/div>\n\t\t\t\t\t\t\t\t\n<style>\n#image_509451174 {\n  width: 100%;\n}\n<\/style>\n\t<\/div>\n\t\n\n\n\t\t<\/div>\n\t\t\t\t\t<\/div>\n\n\t\n\n<\/div>\n\n<\/div><\/div><\/div>\n\n\t\t<\/div>\n\t\t\t\t\t<\/div>\n\n\t\n\n<\/div>\n\n\t\t<\/div>\n\n\t\t\n<style>\n#section_334800246 {\n  padding-top: 30px;\n  padding-bottom: 30px;\n  background-color: rgb(250, 250, 250);\n}\n<\/style>\n\t<\/section>\n\t\n\n\t<section class=\"section\" id=\"section_136410010\">\n\t\t<div class=\"section-bg fill\" >\n\t\t\t\t\t\t\t\t\t\n\t\t\t\n\n\t\t<\/div>\n\n\t\t\n\n\t\t<div class=\"section-content relative\">\n\t\t\t\n\n<div class=\"row\"  id=\"row-2070386487\">\n\n\n\t<div id=\"col-118865679\" class=\"col medium-4 small-6 large-4\"  >\n\t\t\t\t<div class=\"col-inner\"  >\n\t\t\t\n\t\t\t\n\n<h3>Imprimante 3D Raise3D FFF<\/h3>\n<p>Retrouvez toutes les imprimantes 3D de Raise3D disponibles sur notre site.<\/p>\n\n  \n    <div class=\"row large-columns-1 medium-columns- small-columns- row-small slider row-slider slider-nav-reveal slider-nav-push\"  data-flickity-options='{&quot;imagesLoaded&quot;: true, &quot;groupCells&quot;: &quot;100%&quot;, &quot;dragThreshold&quot; : 5, &quot;cellAlign&quot;: &quot;left&quot;,&quot;wrapAround&quot;: true,&quot;prevNextButtons&quot;: true,&quot;percentPosition&quot;: true,&quot;pageDots&quot;: false, &quot;rightToLeft&quot;: false, &quot;autoPlay&quot; : false}' >\n\n  <div class=\"product-category col\" >\n            <div class=\"col-inner\">\n              <a aria-label=\"Acc\u00e9der \u00e0 la cat\u00e9gorie de produits Imprimante 3D FFF\" href=\"https:\/\/3d-edu.ch\/fr\/categorie-de-produits\/raise3d\/imprimante-3d-fff-fr\/\">                <div class=\"box box-category has-hover box-bounce \">\n                <div class=\"box-image\" >\n                  <div class=\"\" >\n                  <img loading=\"lazy\" decoding=\"async\" src=\"https:\/\/3d-edu.ch\/wp-content\/uploads\/2022\/10\/fff-3d-drucker-247x296.webp\" alt=\"Imprimante 3D FFF\" width=\"300\" height=\"300\" \/>                                                      <\/div>\n                <\/div>\n                <div class=\"box-text text-center\" >\n                  <div class=\"box-text-inner\">\n                      <h5 class=\"uppercase header-title\">\n                              Imprimante 3D FFF                      <\/h5>\n                                            <p class=\"is-xsmall uppercase count \">\n\t                      5 Produits                      <\/p>\n                                            \n                  <\/div>\n                <\/div>\n                <\/div>\n            <\/a>            <\/div>\n            <\/div><\/div>\n\n\n\t\t<\/div>\n\t\t\t\t\n<style>\n#col-118865679 > .col-inner {\n  padding: 20px 20px 0px 20px;\n}\n<\/style>\n\t<\/div>\n\n\t\n\n\t<div id=\"col-1283367426\" class=\"col medium-4 small-6 large-4\"  >\n\t\t\t\t<div class=\"col-inner\"  >\n\t\t\t\n\t\t\t\n\n<h3>Filaments Raise3D<\/h3>\n<p>Trouvez chez nous les filaments Raise3D pour votre imprimante 3D.<\/p>\n\n  \n    <div class=\"row large-columns-1 medium-columns- small-columns- row-small slider row-slider slider-nav-reveal slider-nav-push\"  data-flickity-options='{&quot;imagesLoaded&quot;: true, &quot;groupCells&quot;: &quot;100%&quot;, &quot;dragThreshold&quot; : 5, &quot;cellAlign&quot;: &quot;left&quot;,&quot;wrapAround&quot;: true,&quot;prevNextButtons&quot;: true,&quot;percentPosition&quot;: true,&quot;pageDots&quot;: false, &quot;rightToLeft&quot;: false, &quot;autoPlay&quot; : false}' >\n\n  <div class=\"product-category col\" >\n            <div class=\"col-inner\">\n              <a aria-label=\"Acc\u00e9der \u00e0 la cat\u00e9gorie de produits Filaments Raise3D\" href=\"https:\/\/3d-edu.ch\/fr\/categorie-de-produits\/filaments-pour-imprimantes-3d-fr\/filaments-raise3d-fr\/\">                <div class=\"box box-category has-hover box-bounce \">\n                <div class=\"box-image\" >\n                  <div class=\"\" >\n                  <img loading=\"lazy\" decoding=\"async\" src=\"https:\/\/3d-edu.ch\/wp-content\/uploads\/2022\/10\/raise3D-premium-abs-filament-gray-247x296.webp\" alt=\"Filaments Raise3D\" width=\"300\" height=\"300\" \/>                                                      <\/div>\n                <\/div>\n                <div class=\"box-text text-center\" >\n                  <div class=\"box-text-inner\">\n                      <h5 class=\"uppercase header-title\">\n                              Filaments Raise3D                      <\/h5>\n                                            <p class=\"is-xsmall uppercase count \">\n\t                      20 Produits                      <\/p>\n                                            \n                  <\/div>\n                <\/div>\n                <\/div>\n            <\/a>            <\/div>\n            <\/div><\/div>\n\n\n\t\t<\/div>\n\t\t\t\t\n<style>\n#col-1283367426 > .col-inner {\n  padding: 20px 20px 0px 20px;\n}\n<\/style>\n\t<\/div>\n\n\t\n\n\t<div id=\"col-302530169\" class=\"col medium-4 small-6 large-4\"  >\n\t\t\t\t<div class=\"col-inner\"  >\n\t\t\t\n\t\t\t\n\n<h3>Pi\u00e8ces de rechange et accessoires Raise3D<\/h3>\n<p>Trouvez des pi\u00e8ces de rechange et des accessoires pour votre imprimante 3D Raise3D.<\/p>\n\n  \n    <div class=\"row large-columns-1 medium-columns- small-columns- row-small slider row-slider slider-nav-reveal slider-nav-push\"  data-flickity-options='{&quot;imagesLoaded&quot;: true, &quot;groupCells&quot;: &quot;100%&quot;, &quot;dragThreshold&quot; : 5, &quot;cellAlign&quot;: &quot;left&quot;,&quot;wrapAround&quot;: true,&quot;prevNextButtons&quot;: true,&quot;percentPosition&quot;: true,&quot;pageDots&quot;: false, &quot;rightToLeft&quot;: false, &quot;autoPlay&quot; : false}' >\n\n  <div class=\"product-category col\" >\n            <div class=\"col-inner\">\n              <a aria-label=\"Acc\u00e9der \u00e0 la cat\u00e9gorie de produits Pi\u00e8ces de rechange &amp; accessoires\" href=\"https:\/\/3d-edu.ch\/fr\/categorie-de-produits\/raise3d\/pieces-de-rechange-accessoires-fr\/\">                <div class=\"box box-category has-hover box-bounce \">\n                <div class=\"box-image\" >\n                  <div class=\"\" >\n                  <img loading=\"lazy\" decoding=\"async\" src=\"https:\/\/3d-edu.ch\/wp-content\/uploads\/2022\/10\/raise3d-ersatzteile-spare-parts-247x296.webp\" alt=\"Pi\u00e8ces de rechange &amp; accessoires\" width=\"300\" height=\"300\" \/>                                                      <\/div>\n                <\/div>\n                <div class=\"box-text text-center\" >\n                  <div class=\"box-text-inner\">\n                      <h5 class=\"uppercase header-title\">\n                              Pi\u00e8ces de rechange &amp; accessoires                      <\/h5>\n                                            <p class=\"is-xsmall uppercase count \">\n\t                      21 Produits                      <\/p>\n                                            \n                  <\/div>\n                <\/div>\n                <\/div>\n            <\/a>            <\/div>\n            <\/div><\/div>\n\n\n\t\t<\/div>\n\t\t\t\t\n<style>\n#col-302530169 > .col-inner {\n  padding: 20px 20px 0px 20px;\n}\n<\/style>\n\t<\/div>\n\n\t\n\n\n<style>\n#row-2070386487 > .col > .col-inner {\n  background-color: rgb(235, 235, 235);\n}\n<\/style>\n<\/div>\n\n\t\t<\/div>\n\n\t\t\n<style>\n#section_136410010 {\n  padding-top: 30px;\n  padding-bottom: 30px;\n  background-color: rgb(245, 245, 245);\n}\n<\/style>\n\t<\/section>\n\t\n\n\n","protected":false},"excerpt":{"rendered":"","protected":false},"author":1,"featured_media":65825,"parent":72902,"menu_order":0,"comment_status":"closed","ping_status":"closed","template":"page-blank.php","meta":{"footnotes":""},"class_list":["post-73015","page","type-page","status-publish","has-post-thumbnail","hentry"],"yoast_head":"<!-- This site is optimized with the Yoast SEO Premium plugin v27.4 (Yoast SEO v27.4) - https:\/\/yoast.com\/product\/yoast-seo-premium-wordpress\/ -->\n<title>S\u00e9rie Pro3 - 3D-EDU GmbH<\/title>\n<meta name=\"robots\" content=\"index, follow, max-snippet:-1, max-image-preview:large, max-video-preview:-1\" \/>\n<link rel=\"canonical\" href=\"https:\/\/3d-edu.ch\/fr\/raise3d\/imprimante-3d-raise3d\/serie-pro3\/\" \/>\n<meta property=\"og:locale\" content=\"fr_FR\" \/>\n<meta property=\"og:type\" content=\"article\" \/>\n<meta property=\"og:title\" content=\"S\u00e9rie Pro3\" \/>\n<meta property=\"og:url\" content=\"https:\/\/3d-edu.ch\/fr\/raise3d\/imprimante-3d-raise3d\/serie-pro3\/\" \/>\n<meta property=\"og:site_name\" content=\"3D-EDU GmbH\" \/>\n<meta property=\"article:publisher\" content=\"https:\/\/www.facebook.com\/3d-educh-210277586064960\/\" \/>\n<meta property=\"article:modified_time\" content=\"2026-04-20T10:02:33+00:00\" \/>\n<meta property=\"og:image\" content=\"https:\/\/3d-edu.ch\/wp-content\/uploads\/2022\/10\/Raise3D-Pro3-Series.webp\" \/>\n\t<meta property=\"og:image:width\" content=\"1080\" \/>\n\t<meta property=\"og:image:height\" content=\"358\" \/>\n\t<meta property=\"og:image:type\" content=\"image\/webp\" \/>\n<meta name=\"twitter:card\" content=\"summary_large_image\" \/>\n<meta name=\"twitter:site\" content=\"@3d_edu_ch\" \/>\n<meta name=\"twitter:label1\" content=\"Dur\u00e9e de lecture estim\u00e9e\" \/>\n\t<meta name=\"twitter:data1\" content=\"19 minute\" \/>\n<script type=\"application\/ld+json\" class=\"yoast-schema-graph\">{\"@context\":\"https:\\\/\\\/schema.org\",\"@graph\":[{\"@type\":\"WebPage\",\"@id\":\"https:\\\/\\\/3d-edu.ch\\\/fr\\\/raise3d\\\/imprimante-3d-raise3d\\\/serie-pro3\\\/\",\"url\":\"https:\\\/\\\/3d-edu.ch\\\/fr\\\/raise3d\\\/imprimante-3d-raise3d\\\/serie-pro3\\\/\",\"name\":\"S\u00e9rie Pro3 - 3D-EDU GmbH\",\"isPartOf\":{\"@id\":\"https:\\\/\\\/3d-edu.ch\\\/fr\\\/#website\"},\"primaryImageOfPage\":{\"@id\":\"https:\\\/\\\/3d-edu.ch\\\/fr\\\/raise3d\\\/imprimante-3d-raise3d\\\/serie-pro3\\\/#primaryimage\"},\"image\":{\"@id\":\"https:\\\/\\\/3d-edu.ch\\\/fr\\\/raise3d\\\/imprimante-3d-raise3d\\\/serie-pro3\\\/#primaryimage\"},\"thumbnailUrl\":\"https:\\\/\\\/3d-edu.ch\\\/wp-content\\\/uploads\\\/2022\\\/10\\\/Raise3D-Pro3-Series.webp\",\"datePublished\":\"2022-10-05T11:44:54+00:00\",\"dateModified\":\"2026-04-20T10:02:33+00:00\",\"breadcrumb\":{\"@id\":\"https:\\\/\\\/3d-edu.ch\\\/fr\\\/raise3d\\\/imprimante-3d-raise3d\\\/serie-pro3\\\/#breadcrumb\"},\"inLanguage\":\"fr-FR\",\"potentialAction\":[{\"@type\":\"ReadAction\",\"target\":[\"https:\\\/\\\/3d-edu.ch\\\/fr\\\/raise3d\\\/imprimante-3d-raise3d\\\/serie-pro3\\\/\"]}]},{\"@type\":\"ImageObject\",\"inLanguage\":\"fr-FR\",\"@id\":\"https:\\\/\\\/3d-edu.ch\\\/fr\\\/raise3d\\\/imprimante-3d-raise3d\\\/serie-pro3\\\/#primaryimage\",\"url\":\"https:\\\/\\\/3d-edu.ch\\\/wp-content\\\/uploads\\\/2022\\\/10\\\/Raise3D-Pro3-Series.webp\",\"contentUrl\":\"https:\\\/\\\/3d-edu.ch\\\/wp-content\\\/uploads\\\/2022\\\/10\\\/Raise3D-Pro3-Series.webp\",\"width\":1080,\"height\":358,\"caption\":\"Raise3D Pro3 Series\"},{\"@type\":\"BreadcrumbList\",\"@id\":\"https:\\\/\\\/3d-edu.ch\\\/fr\\\/raise3d\\\/imprimante-3d-raise3d\\\/serie-pro3\\\/#breadcrumb\",\"itemListElement\":[{\"@type\":\"ListItem\",\"position\":1,\"name\":\"Accueil\",\"item\":\"https:\\\/\\\/3d-edu.ch\\\/fr\\\/\"},{\"@type\":\"ListItem\",\"position\":2,\"name\":\"Raise3D\",\"item\":\"https:\\\/\\\/3d-edu.ch\\\/fr\\\/raise3d\\\/\"},{\"@type\":\"ListItem\",\"position\":3,\"name\":\"Imprimante 3D Raise3D\",\"item\":\"https:\\\/\\\/3d-edu.ch\\\/fr\\\/raise3d\\\/imprimante-3d-raise3d\\\/\"},{\"@type\":\"ListItem\",\"position\":4,\"name\":\"S\u00e9rie Pro3\"}]},{\"@type\":\"WebSite\",\"@id\":\"https:\\\/\\\/3d-edu.ch\\\/fr\\\/#website\",\"url\":\"https:\\\/\\\/3d-edu.ch\\\/fr\\\/\",\"name\":\"3D-EDU GmbH\",\"description\":\"Your Formlabs, UltiMaker and Raise3D Printer Support and Education Site in Switzerland. \\\/\\\/ Ihre Formlabs, UltiMaker and Raise3D Drucker Support und Bildungs Webseite der Schweiz.\",\"publisher\":{\"@id\":\"https:\\\/\\\/3d-edu.ch\\\/fr\\\/#organization\"},\"potentialAction\":[{\"@type\":\"SearchAction\",\"target\":{\"@type\":\"EntryPoint\",\"urlTemplate\":\"https:\\\/\\\/3d-edu.ch\\\/fr\\\/?s={search_term_string}\"},\"query-input\":{\"@type\":\"PropertyValueSpecification\",\"valueRequired\":true,\"valueName\":\"search_term_string\"}}],\"inLanguage\":\"fr-FR\"},{\"@type\":[\"Organization\",\"Place\",\"ElectronicsStore\"],\"@id\":\"https:\\\/\\\/3d-edu.ch\\\/fr\\\/#organization\",\"name\":\"3D-EDU GmbH\",\"url\":\"https:\\\/\\\/3d-edu.ch\\\/fr\\\/\",\"logo\":{\"@id\":\"https:\\\/\\\/3d-edu.ch\\\/fr\\\/raise3d\\\/imprimante-3d-raise3d\\\/serie-pro3\\\/#local-main-organization-logo\"},\"image\":{\"@id\":\"https:\\\/\\\/3d-edu.ch\\\/fr\\\/raise3d\\\/imprimante-3d-raise3d\\\/serie-pro3\\\/#local-main-organization-logo\"},\"sameAs\":[\"https:\\\/\\\/www.facebook.com\\\/3d-educh-210277586064960\\\/\",\"https:\\\/\\\/x.com\\\/3d_edu_ch\"],\"address\":{\"@id\":\"https:\\\/\\\/3d-edu.ch\\\/fr\\\/raise3d\\\/imprimante-3d-raise3d\\\/serie-pro3\\\/#local-main-place-address\"},\"geo\":{\"@type\":\"GeoCoordinates\",\"latitude\":\"47.38413\",\"longitude\":\"8.49812\"},\"telephone\":[\"+41 44 492 11 22\"],\"openingHoursSpecification\":[{\"@type\":\"OpeningHoursSpecification\",\"dayOfWeek\":[\"Monday\",\"Tuesday\",\"Wednesday\",\"Thursday\",\"Friday\"],\"opens\":\"08:30\",\"closes\":\"18:00\"},{\"@type\":\"OpeningHoursSpecification\",\"dayOfWeek\":[\"Saturday\",\"Sunday\"],\"opens\":\"00:00\",\"closes\":\"00:00\"}],\"email\":\"info@3d-edu.ch\",\"faxNumber\":\"+41 44 492 11 23\",\"vatID\":\"CHE-184.499.491 MWST\",\"priceRange\":\"$$$\",\"currenciesAccepted\":\"CHF\"},{\"@type\":\"PostalAddress\",\"@id\":\"https:\\\/\\\/3d-edu.ch\\\/fr\\\/raise3d\\\/imprimante-3d-raise3d\\\/serie-pro3\\\/#local-main-place-address\",\"streetAddress\":\"3D-EDU GmbH, Badenerstrasse 556\",\"addressLocality\":\"Z\u00fcrich\",\"postalCode\":\"8048\",\"addressRegion\":\"Z\u00fcrich\",\"addressCountry\":\"CH\"},{\"@type\":\"ImageObject\",\"inLanguage\":\"fr-FR\",\"@id\":\"https:\\\/\\\/3d-edu.ch\\\/fr\\\/raise3d\\\/imprimante-3d-raise3d\\\/serie-pro3\\\/#local-main-organization-logo\",\"url\":\"https:\\\/\\\/3d-edu.ch\\\/wp-content\\\/uploads\\\/2018\\\/10\\\/3d-drucker-makerbot-formlabs-professionelle-3d-drucker-e1546527990490.png\",\"contentUrl\":\"https:\\\/\\\/3d-edu.ch\\\/wp-content\\\/uploads\\\/2018\\\/10\\\/3d-drucker-makerbot-formlabs-professionelle-3d-drucker-e1546527990490.png\",\"width\":275,\"height\":80,\"caption\":\"3D-EDU GmbH\"}]}<\/script>\n<meta name=\"geo.placename\" content=\"Z\u00fcrich\" \/>\n<meta name=\"geo.position\" content=\"47.38413;8.49812\" \/>\n<meta name=\"geo.region\" content=\"Suisse\" \/>\n<!-- \/ Yoast SEO Premium plugin. -->","yoast_head_json":{"title":"S\u00e9rie Pro3 - 3D-EDU GmbH","robots":{"index":"index","follow":"follow","max-snippet":"max-snippet:-1","max-image-preview":"max-image-preview:large","max-video-preview":"max-video-preview:-1"},"canonical":"https:\/\/3d-edu.ch\/fr\/raise3d\/imprimante-3d-raise3d\/serie-pro3\/","og_locale":"fr_FR","og_type":"article","og_title":"S\u00e9rie Pro3","og_url":"https:\/\/3d-edu.ch\/fr\/raise3d\/imprimante-3d-raise3d\/serie-pro3\/","og_site_name":"3D-EDU GmbH","article_publisher":"https:\/\/www.facebook.com\/3d-educh-210277586064960\/","article_modified_time":"2026-04-20T10:02:33+00:00","og_image":[{"width":1080,"height":358,"url":"https:\/\/3d-edu.ch\/wp-content\/uploads\/2022\/10\/Raise3D-Pro3-Series.webp","type":"image\/webp"}],"twitter_card":"summary_large_image","twitter_site":"@3d_edu_ch","twitter_misc":{"Dur\u00e9e de lecture estim\u00e9e":"19 minute"},"schema":{"@context":"https:\/\/schema.org","@graph":[{"@type":"WebPage","@id":"https:\/\/3d-edu.ch\/fr\/raise3d\/imprimante-3d-raise3d\/serie-pro3\/","url":"https:\/\/3d-edu.ch\/fr\/raise3d\/imprimante-3d-raise3d\/serie-pro3\/","name":"S\u00e9rie Pro3 - 3D-EDU GmbH","isPartOf":{"@id":"https:\/\/3d-edu.ch\/fr\/#website"},"primaryImageOfPage":{"@id":"https:\/\/3d-edu.ch\/fr\/raise3d\/imprimante-3d-raise3d\/serie-pro3\/#primaryimage"},"image":{"@id":"https:\/\/3d-edu.ch\/fr\/raise3d\/imprimante-3d-raise3d\/serie-pro3\/#primaryimage"},"thumbnailUrl":"https:\/\/3d-edu.ch\/wp-content\/uploads\/2022\/10\/Raise3D-Pro3-Series.webp","datePublished":"2022-10-05T11:44:54+00:00","dateModified":"2026-04-20T10:02:33+00:00","breadcrumb":{"@id":"https:\/\/3d-edu.ch\/fr\/raise3d\/imprimante-3d-raise3d\/serie-pro3\/#breadcrumb"},"inLanguage":"fr-FR","potentialAction":[{"@type":"ReadAction","target":["https:\/\/3d-edu.ch\/fr\/raise3d\/imprimante-3d-raise3d\/serie-pro3\/"]}]},{"@type":"ImageObject","inLanguage":"fr-FR","@id":"https:\/\/3d-edu.ch\/fr\/raise3d\/imprimante-3d-raise3d\/serie-pro3\/#primaryimage","url":"https:\/\/3d-edu.ch\/wp-content\/uploads\/2022\/10\/Raise3D-Pro3-Series.webp","contentUrl":"https:\/\/3d-edu.ch\/wp-content\/uploads\/2022\/10\/Raise3D-Pro3-Series.webp","width":1080,"height":358,"caption":"Raise3D Pro3 Series"},{"@type":"BreadcrumbList","@id":"https:\/\/3d-edu.ch\/fr\/raise3d\/imprimante-3d-raise3d\/serie-pro3\/#breadcrumb","itemListElement":[{"@type":"ListItem","position":1,"name":"Accueil","item":"https:\/\/3d-edu.ch\/fr\/"},{"@type":"ListItem","position":2,"name":"Raise3D","item":"https:\/\/3d-edu.ch\/fr\/raise3d\/"},{"@type":"ListItem","position":3,"name":"Imprimante 3D Raise3D","item":"https:\/\/3d-edu.ch\/fr\/raise3d\/imprimante-3d-raise3d\/"},{"@type":"ListItem","position":4,"name":"S\u00e9rie Pro3"}]},{"@type":"WebSite","@id":"https:\/\/3d-edu.ch\/fr\/#website","url":"https:\/\/3d-edu.ch\/fr\/","name":"3D-EDU GmbH","description":"Your Formlabs, UltiMaker and Raise3D Printer Support and Education Site in Switzerland. \/\/ Ihre Formlabs, UltiMaker and Raise3D Drucker Support und Bildungs Webseite der Schweiz.","publisher":{"@id":"https:\/\/3d-edu.ch\/fr\/#organization"},"potentialAction":[{"@type":"SearchAction","target":{"@type":"EntryPoint","urlTemplate":"https:\/\/3d-edu.ch\/fr\/?s={search_term_string}"},"query-input":{"@type":"PropertyValueSpecification","valueRequired":true,"valueName":"search_term_string"}}],"inLanguage":"fr-FR"},{"@type":["Organization","Place","ElectronicsStore"],"@id":"https:\/\/3d-edu.ch\/fr\/#organization","name":"3D-EDU GmbH","url":"https:\/\/3d-edu.ch\/fr\/","logo":{"@id":"https:\/\/3d-edu.ch\/fr\/raise3d\/imprimante-3d-raise3d\/serie-pro3\/#local-main-organization-logo"},"image":{"@id":"https:\/\/3d-edu.ch\/fr\/raise3d\/imprimante-3d-raise3d\/serie-pro3\/#local-main-organization-logo"},"sameAs":["https:\/\/www.facebook.com\/3d-educh-210277586064960\/","https:\/\/x.com\/3d_edu_ch"],"address":{"@id":"https:\/\/3d-edu.ch\/fr\/raise3d\/imprimante-3d-raise3d\/serie-pro3\/#local-main-place-address"},"geo":{"@type":"GeoCoordinates","latitude":"47.38413","longitude":"8.49812"},"telephone":["+41 44 492 11 22"],"openingHoursSpecification":[{"@type":"OpeningHoursSpecification","dayOfWeek":["Monday","Tuesday","Wednesday","Thursday","Friday"],"opens":"08:30","closes":"18:00"},{"@type":"OpeningHoursSpecification","dayOfWeek":["Saturday","Sunday"],"opens":"00:00","closes":"00:00"}],"email":"info@3d-edu.ch","faxNumber":"+41 44 492 11 23","vatID":"CHE-184.499.491 MWST","priceRange":"$$$","currenciesAccepted":"CHF"},{"@type":"PostalAddress","@id":"https:\/\/3d-edu.ch\/fr\/raise3d\/imprimante-3d-raise3d\/serie-pro3\/#local-main-place-address","streetAddress":"3D-EDU GmbH, Badenerstrasse 556","addressLocality":"Z\u00fcrich","postalCode":"8048","addressRegion":"Z\u00fcrich","addressCountry":"CH"},{"@type":"ImageObject","inLanguage":"fr-FR","@id":"https:\/\/3d-edu.ch\/fr\/raise3d\/imprimante-3d-raise3d\/serie-pro3\/#local-main-organization-logo","url":"https:\/\/3d-edu.ch\/wp-content\/uploads\/2018\/10\/3d-drucker-makerbot-formlabs-professionelle-3d-drucker-e1546527990490.png","contentUrl":"https:\/\/3d-edu.ch\/wp-content\/uploads\/2018\/10\/3d-drucker-makerbot-formlabs-professionelle-3d-drucker-e1546527990490.png","width":275,"height":80,"caption":"3D-EDU GmbH"}]},"geo.placename":"Z\u00fcrich","geo.position":{"lat":"47.38413","long":"8.49812"},"geo.region":"Suisse"},"_links":{"self":[{"href":"https:\/\/3d-edu.ch\/fr\/wp-json\/wp\/v2\/pages\/73015","targetHints":{"allow":["GET"]}}],"collection":[{"href":"https:\/\/3d-edu.ch\/fr\/wp-json\/wp\/v2\/pages"}],"about":[{"href":"https:\/\/3d-edu.ch\/fr\/wp-json\/wp\/v2\/types\/page"}],"author":[{"embeddable":true,"href":"https:\/\/3d-edu.ch\/fr\/wp-json\/wp\/v2\/users\/1"}],"replies":[{"embeddable":true,"href":"https:\/\/3d-edu.ch\/fr\/wp-json\/wp\/v2\/comments?post=73015"}],"version-history":[{"count":4,"href":"https:\/\/3d-edu.ch\/fr\/wp-json\/wp\/v2\/pages\/73015\/revisions"}],"predecessor-version":[{"id":82396,"href":"https:\/\/3d-edu.ch\/fr\/wp-json\/wp\/v2\/pages\/73015\/revisions\/82396"}],"up":[{"embeddable":true,"href":"https:\/\/3d-edu.ch\/fr\/wp-json\/wp\/v2\/pages\/72902"}],"wp:featuredmedia":[{"embeddable":true,"href":"https:\/\/3d-edu.ch\/fr\/wp-json\/wp\/v2\/media\/65825"}],"wp:attachment":[{"href":"https:\/\/3d-edu.ch\/fr\/wp-json\/wp\/v2\/media?parent=73015"}],"curies":[{"name":"wp","href":"https:\/\/api.w.org\/{rel}","templated":true}]}}